{"id":2066,"date":"2025-04-29T23:23:35","date_gmt":"2025-04-29T23:23:35","guid":{"rendered":"http:\/\/klasztorwieliczka.pl\/?page_id=2066"},"modified":"2025-10-20T10:09:37","modified_gmt":"2025-10-20T10:09:37","slug":"kalendarium-jubileuszu","status":"publish","type":"page","link":"https:\/\/klasztorwieliczka.pl\/index.php\/kalendarium-jubileuszu\/","title":{"rendered":"Kalendarium Jubileuszu"},"content":{"rendered":"<p><div class=\"fusion-fullwidth fullwidth-box fusion-builder-row-1 fusion-flex-container hundred-percent-fullwidth non-hundred-percent-height-scrolling\" style=\"--awb-border-radius-top-left:0px;--awb-border-radius-top-right:0px;--awb-border-radius-bottom-right:0px;--awb-border-radius-bottom-left:0px;--awb-padding-top:0px;--awb-padding-right:0px;--awb-padding-bottom:0px;--awb-padding-left:0px;--awb-flex-wrap:wrap;\" ><div class=\"fusion-builder-row fusion-row fusion-flex-align-items-flex-start fusion-flex-content-wrap\" style=\"width:calc( 100% + 0px ) !important;max-width:calc( 100% + 0px ) !important;margin-left: calc(-0px \/ 2 );margin-right: calc(-0px \/ 2 );\"><div class=\"fusion-layout-column fusion_builder_column fusion-builder-column-0 fusion_builder_column_1_1 1_1 fusion-flex-column\" style=\"--awb-bg-size:cover;--awb-width-large:100%;--awb-margin-top-large:0px;--awb-spacing-right-large:0px;--awb-margin-bottom-large:0px;--awb-spacing-left-large:0px;--awb-width-medium:100%;--awb-order-medium:0;--awb-spacing-right-medium:0px;--awb-spacing-left-medium:0px;--awb-width-small:100%;--awb-order-small:0;--awb-spacing-right-small:0px;--awb-spacing-left-small:0px;\"><div class=\"fusion-column-wrapper fusion-column-has-shadow fusion-flex-justify-content-flex-start fusion-content-layout-column\"><div class=\"fusion-builder-row fusion-builder-row-inner fusion-row fusion-flex-align-items-flex-start fusion-flex-content-wrap\" style=\"width:calc( 100% + 0px ) !important;max-width:calc( 100% + 0px ) !important;margin-left: calc(-0px \/ 2 );margin-right: calc(-0px \/ 2 );\"><div class=\"fusion-layout-column fusion_builder_column_inner fusion-builder-nested-column-0 fusion_builder_column_inner_1_1 1_1 fusion-flex-column\" style=\"--awb-bg-size:cover;--awb-width-large:100%;--awb-margin-top-large:0px;--awb-spacing-right-large:0px;--awb-margin-bottom-large:0px;--awb-spacing-left-large:0px;--awb-width-medium:100%;--awb-order-medium:0;--awb-spacing-right-medium:0px;--awb-spacing-left-medium:0px;--awb-width-small:100%;--awb-order-small:0;--awb-spacing-right-small:0px;--awb-spacing-left-small:0px;\"><div class=\"fusion-column-wrapper fusion-column-has-shadow fusion-flex-justify-content-flex-start fusion-content-layout-column\"><div class=\"fusion-image-element \" style=\"--awb-caption-title-font-family:var(--h2_typography-font-family);--awb-caption-title-font-weight:var(--h2_typography-font-weight);--awb-caption-title-font-style:var(--h2_typography-font-style);--awb-caption-title-size:var(--h2_typography-font-size);--awb-caption-title-transform:var(--h2_typography-text-transform);--awb-caption-title-line-height:var(--h2_typography-line-height);--awb-caption-title-letter-spacing:var(--h2_typography-letter-spacing);\"><span class=\" fusion-imageframe imageframe-none imageframe-1 hover-type-none\"><img decoding=\"async\" width=\"1280\" height=\"960\" title=\"parafia-pw_sw_franciszka_z_asyzu_wieliczka\" src=\"https:\/\/klasztorwieliczka.pl\/wp-content\/uploads\/2025\/09\/parafia-pw_sw_franciszka_z_asyzu_wieliczka.jpg\" data-orig-src=\"https:\/\/klasztorwieliczka.pl\/wp-content\/uploads\/2025\/09\/parafia-pw_sw_franciszka_z_asyzu_wieliczka.jpg\" alt class=\"lazyload img-responsive wp-image-2320\" srcset=\"data:image\/svg+xml,%3Csvg%20xmlns%3D%27http%3A%2F%2Fwww.w3.org%2F2000%2Fsvg%27%20width%3D%271280%27%20height%3D%27960%27%20viewBox%3D%270%200%201280%20960%27%3E%3Crect%20width%3D%271280%27%20height%3D%27960%27%20fill-opacity%3D%220%22%2F%3E%3C%2Fsvg%3E\" data-srcset=\"https:\/\/klasztorwieliczka.pl\/wp-content\/uploads\/2025\/09\/parafia-pw_sw_franciszka_z_asyzu_wieliczka-200x150.jpg 200w, https:\/\/klasztorwieliczka.pl\/wp-content\/uploads\/2025\/09\/parafia-pw_sw_franciszka_z_asyzu_wieliczka-400x300.jpg 400w, https:\/\/klasztorwieliczka.pl\/wp-content\/uploads\/2025\/09\/parafia-pw_sw_franciszka_z_asyzu_wieliczka-600x450.jpg 600w, https:\/\/klasztorwieliczka.pl\/wp-content\/uploads\/2025\/09\/parafia-pw_sw_franciszka_z_asyzu_wieliczka-800x600.jpg 800w, https:\/\/klasztorwieliczka.pl\/wp-content\/uploads\/2025\/09\/parafia-pw_sw_franciszka_z_asyzu_wieliczka-1200x900.jpg 1200w, https:\/\/klasztorwieliczka.pl\/wp-content\/uploads\/2025\/09\/parafia-pw_sw_franciszka_z_asyzu_wieliczka.jpg 1280w\" data-sizes=\"auto\" data-orig-sizes=\"(max-width: 1024px) 100vw, (max-width: 640px) 100vw, 1280px\" \/><\/span><\/div><\/div><\/div><\/div><div class=\"fusion-separator fusion-full-width-sep\" style=\"align-self: center;margin-left: auto;margin-right: auto;width:100%;\"><div class=\"fusion-separator-border sep-double\" style=\"--awb-height:20px;--awb-amount:20px;border-color:var(--awb-color3);border-top-width:1px;border-bottom-width:1px;\"><\/div><\/div><div ><a class=\"fusion-button button-flat fusion-button-default-size button-default fusion-button-default button-1 fusion-button-default-span fusion-button-default-type\" style=\"width:calc(100%);\" target=\"_self\"><i class=\"fa-church fas button-icon-left\" aria-hidden=\"true\"><\/i><span class=\"fusion-button-text\">ZAPROSZENIE DO SK\u0141ADANIA OFERT<\/span><\/a><\/div><div class=\"fusion-separator fusion-full-width-sep\" style=\"align-self: center;margin-left: auto;margin-right: auto;width:100%;\"><div class=\"fusion-separator-border sep-double\" style=\"--awb-height:20px;--awb-amount:20px;border-color:var(--awb-color3);border-top-width:1px;border-bottom-width:1px;\"><\/div><\/div><div class=\"fusion-builder-row fusion-builder-row-inner fusion-row fusion-flex-align-items-flex-start fusion-flex-content-wrap\" style=\"width:calc( 100% + 0px ) !important;max-width:calc( 100% + 0px ) !important;margin-left: calc(-0px \/ 2 );margin-right: calc(-0px \/ 2 );\"><div class=\"fusion-layout-column fusion_builder_column_inner fusion-builder-nested-column-1 fusion_builder_column_inner_1_3 1_3 fusion-flex-column\" style=\"--awb-bg-size:cover;--awb-width-large:33.333333333333%;--awb-margin-top-large:0px;--awb-spacing-right-large:0px;--awb-margin-bottom-large:0px;--awb-spacing-left-large:0px;--awb-width-medium:100%;--awb-order-medium:0;--awb-spacing-right-medium:0px;--awb-spacing-left-medium:0px;--awb-width-small:100%;--awb-order-small:0;--awb-spacing-right-small:0px;--awb-spacing-left-small:0px;\"><div class=\"fusion-column-wrapper fusion-column-has-shadow fusion-flex-justify-content-flex-start fusion-content-layout-column\"><div class=\"fusion-text fusion-text-1\"><p><strong>ZAPROSZENIE DO SK\u0141ADANIA OFERT W POST\u0118POWANIU ZAKUPOWYM NR 2\/2025 <\/strong><br \/><strong>Z DNIA 20 PA\u0179DZIERNIKA 2025 R.<\/strong><\/p>\n<p>NAZWA ZAM\u00d3WIENIA<\/p>\n<p>\u201eRemont fundament\u00f3w \u015bciany p\u00f3\u0142nocnej Ko\u015bcio\u0142a Franciszkan\u00f3w w Wieliczce\u201d \u2013 w ramach <br \/>dofinansowania z Rz\u0105dowego Programu Odbudowy Zabytk\u00f3w.<\/p>\n<\/div><\/div><\/div><div class=\"fusion-layout-column fusion_builder_column_inner fusion-builder-nested-column-2 fusion_builder_column_inner_1_3 1_3 fusion-flex-column\" style=\"--awb-bg-size:cover;--awb-width-large:33.333333333333%;--awb-margin-top-large:0px;--awb-spacing-right-large:0px;--awb-margin-bottom-large:0px;--awb-spacing-left-large:0px;--awb-width-medium:100%;--awb-order-medium:0;--awb-spacing-right-medium:0px;--awb-spacing-left-medium:0px;--awb-width-small:100%;--awb-order-small:0;--awb-spacing-right-small:0px;--awb-spacing-left-small:0px;\"><div class=\"fusion-column-wrapper fusion-column-has-shadow fusion-flex-justify-content-flex-start fusion-content-layout-column\"><div class=\"fusion-text fusion-text-2\"><p><strong>ZAMAWIAJ\u0104CY<\/strong> <br \/>Parafia p.w. \u015bw. Franciszka z Asy\u017cu <br \/>ul. Br. Alojzego Kosiby 31 <br \/>32-020 Wieliczka<\/p>\n<p><strong>KONTAKT W SPRAWIE OG\u0141OSZENIA<\/strong> <br \/>Mail: franciszkanieofmwieliczka@gmail.com <br \/>telefon:+48 12 278 18 66<\/p>\n<\/div><\/div><\/div><div class=\"fusion-layout-column fusion_builder_column_inner fusion-builder-nested-column-3 fusion_builder_column_inner_1_3 1_3 fusion-flex-column\" style=\"--awb-bg-size:cover;--awb-width-large:33.333333333333%;--awb-margin-top-large:0px;--awb-spacing-right-large:0px;--awb-margin-bottom-large:0px;--awb-spacing-left-large:0px;--awb-width-medium:100%;--awb-order-medium:0;--awb-spacing-right-medium:0px;--awb-spacing-left-medium:0px;--awb-width-small:100%;--awb-order-small:0;--awb-spacing-right-small:0px;--awb-spacing-left-small:0px;\"><div class=\"fusion-column-wrapper fusion-column-has-shadow fusion-flex-justify-content-flex-start fusion-content-layout-column\"><div class=\"fusion-text fusion-text-3\"><p><strong>KOMPLET DOKUMENTACJI DO POST\u0118POWANIA:<\/strong><\/p>\n<ol>\n<li><a href=\"https:\/\/klasztorwieliczka.pl\/wp-content\/uploads\/2025\/10\/Zalacznik-3-Wykaz-personelu-1.docx\">Za\u0142\u0105cznik 3 Wykaz personelu<\/a><\/li>\n<li><a href=\"https:\/\/klasztorwieliczka.pl\/wp-content\/uploads\/2025\/10\/Zalacznik-2-Wykaz-robot-1.docx\">Za\u0142\u0105cznik 2 Wykaz rob\u00f3t<\/a><\/li>\n<li><a href=\"https:\/\/klasztorwieliczka.pl\/wp-content\/uploads\/2025\/10\/Zalacznik-1-Formularz-ofertowy-1.docx\">Za\u0142\u0105cznik 1 Formularz ofertowy<\/a><\/li>\n<li><a href=\"https:\/\/klasztorwieliczka.pl\/wp-content\/uploads\/2025\/10\/Pozwolenie-na-budowe-1.pdf\">Pozwolenie na budow\u0119<\/a><\/li>\n<li><a href=\"https:\/\/klasztorwieliczka.pl\/wp-content\/uploads\/2025\/10\/Pozwolenie-konserwatorskie-2.pdf\">Pozwolenie konserwatorskie<\/a><\/li>\n<li><a href=\"https:\/\/klasztorwieliczka.pl\/wp-content\/uploads\/2025\/10\/Zalacznik-5-RODO-1.pdf\">Za\u0142\u0105cznik 5 RODO<\/a><\/li>\n<li><a href=\"https:\/\/klasztorwieliczka.pl\/wp-content\/uploads\/2025\/10\/Zalacznik-4-Doswiadczenia-wykonawcy-1.docx\">Za\u0142\u0105cznik 4 Do\u015bwiadczenia wykonawcy<\/a><\/li>\n<li><a href=\"https:\/\/klasztorwieliczka.pl\/wp-content\/uploads\/2025\/10\/Przedmiar-robot-1.pdf\">Przedmiar rob\u00f3t<\/a><\/li>\n<li><a href=\"https:\/\/klasztorwieliczka.pl\/wp-content\/uploads\/2025\/10\/Zalacznik-6-Wzor-umowy-1.pdf\">Za\u0142\u0105cznik 6 Wz\u00f3r umowy<\/a><\/li>\n<li><a href=\"https:\/\/klasztorwieliczka.pl\/wp-content\/uploads\/2025\/10\/Zapytanie-ofertowe_20.10.2025-r-1.pdf\">Zapytanie ofertowe_20.10.2025 r.<\/a><\/li>\n<\/ol>\n<\/div><\/div><\/div><\/div><div class=\"fusion-separator fusion-full-width-sep\" style=\"align-self: center;margin-left: auto;margin-right: auto;width:100%;\"><div class=\"fusion-separator-border sep-double\" style=\"--awb-height:20px;--awb-amount:20px;border-color:var(--awb-color3);border-top-width:1px;border-bottom-width:1px;\"><\/div><\/div><div ><a class=\"fusion-button button-flat fusion-button-default-size button-default fusion-button-default button-2 fusion-button-default-span fusion-button-default-type\" style=\"width:calc(100%);\" target=\"_self\"><i class=\"fa-info-circle fas button-icon-left\" aria-hidden=\"true\"><\/i><span class=\"fusion-button-text\">AKTUALNO\u015aCI | OG\u0141OSZENIA<\/span><\/a><\/div><div class=\"fusion-separator fusion-full-width-sep\" style=\"align-self: center;margin-left: auto;margin-right: auto;width:100%;\"><div class=\"fusion-separator-border sep-double\" style=\"--awb-height:20px;--awb-amount:20px;border-color:var(--awb-color3);border-top-width:1px;border-bottom-width:1px;\"><\/div><\/div><div class=\"fusion-blog-shortcode fusion-blog-shortcode-1 fusion-blog-archive fusion-blog-layout-medium fusion-blog-pagination\"><div class=\"fusion-posts-container fusion-posts-container-pagination fusion-blog-rollover\" data-pages=\"9\"><article id=\"blog-1-post-2782\" class=\"fusion-post-medium post-2782 post type-post status-publish format-standard has-post-thumbnail hentry category-ogloszenia-parafialne\">\n\t<style type=\"text\/css\">\n\t\t\n\t\t\n\t\t\n\t\t\n\t\t\t<\/style>\n\n\n\t\t\t<div class=\"fusion-flexslider flexslider fusion-flexslider-loading fusion-post-slideshow\" style=\"\">\n\t\t<ul class=\"slides\">\n\t\t\t\n\t\t\t\t\t\t\t\t\t\t\t\t\t\t<li><div  class=\"fusion-image-wrapper fusion-image-size-fixed\" aria-haspopup=\"true\">\n\t\t\t\t<img decoding=\"async\" width=\"320\" height=\"202\" src=\"https:\/\/klasztorwieliczka.pl\/wp-content\/uploads\/2015\/09\/fot.-Mariusz-Wloch-Fotodron-320x202.jpg\" class=\"attachment-blog-medium size-blog-medium lazyload wp-post-image\" alt=\"\" srcset=\"data:image\/svg+xml,%3Csvg%20xmlns%3D%27http%3A%2F%2Fwww.w3.org%2F2000%2Fsvg%27%20width%3D%271080%27%20height%3D%27720%27%20viewBox%3D%270%200%201080%20720%27%3E%3Crect%20width%3D%271080%27%20height%3D%27720%27%20fill-opacity%3D%220%22%2F%3E%3C%2Fsvg%3E\" data-orig-src=\"https:\/\/klasztorwieliczka.pl\/wp-content\/uploads\/2015\/09\/fot.-Mariusz-Wloch-Fotodron-320x202.jpg\" data-srcset=\"https:\/\/klasztorwieliczka.pl\/wp-content\/uploads\/2015\/09\/fot.-Mariusz-Wloch-Fotodron-320x202.jpg 320w, https:\/\/klasztorwieliczka.pl\/wp-content\/uploads\/2015\/09\/fot.-Mariusz-Wloch-Fotodron-700x441.jpg 700w\" data-sizes=\"auto\" \/><div class=\"fusion-rollover\">\n\t<div class=\"fusion-rollover-content\">\n\n\t\t\t\t\t\t\t\t\t\t\t\t\t\t<a class=\"fusion-rollover-link\" href=\"https:\/\/klasztorwieliczka.pl\/index.php\/2026\/04\/26\/ogloszenia-parafialne-26-04-2026\/\">Og\u0142oszenia parafialne | 26.04.2026<\/a>\n\t\t\t\n\t\t\t\t\t\t\t\t\n\t\t\n\t\t\t\t\t\t\t\t\n\t\t\t\t\t\t\t\t\n\t\t\n\t\t\t\t\t\t<a class=\"fusion-link-wrapper\" href=\"https:\/\/klasztorwieliczka.pl\/index.php\/2026\/04\/26\/ogloszenia-parafialne-26-04-2026\/\" aria-label=\"Og\u0142oszenia parafialne | 26.04.2026\"><\/a>\n\t<\/div>\n<\/div>\n<\/div>\n<\/li>\n\t\t\t\n\t\t\t\n\t\t\t\t\t\t\t\t\t\t\t\t\t\t\t\t\t\t\t\t\t\t\t\t\t\t\t\t\t\t\t\t\t\t\t\t\t\t\t\t\t\t\t\t\t\t\t\t\t\t\t\t\t\t\t\t\t\t\t\t\t\t\t\t\t\t\t\t<\/ul>\n\t<\/div>\n\t<div class=\"fusion-post-content post-content\"><h2 class=\"blog-shortcode-post-title entry-title\"><a href=\"https:\/\/klasztorwieliczka.pl\/index.php\/2026\/04\/26\/ogloszenia-parafialne-26-04-2026\/\">Og\u0142oszenia parafialne | 26.04.2026<\/a><\/h2><div class=\"fusion-post-content-container\"><p>OG\u0141OSZENIA PARAFIALNE NIEDZIELA DOBREGO PASTERZA | 26.04.2026 \u00a0 1. Prze\u017cywamy IV Niedziel\u0119 Wielkanocy, kt\u00f3r\u0105 nazywamy Niedziel\u0105 Dobrego Pasterza. Liturgia S\u0142owa ukazuje nam Jezusa jako Tego, kt\u00f3ry zna swoje owce, prowadzi<\/p><\/div><\/div><div class=\"fusion-clearfix\"><\/div><div class=\"fusion-meta-info\"><div class=\"fusion-alignleft\"><span class=\"vcard\" style=\"display: none;\"><span class=\"fn\"><a href=\"https:\/\/klasztorwieliczka.pl\/index.php\/author\/maciej\/\" title=\"Wpisy od Maciej Sobol\" rel=\"author\">Maciej Sobol<\/a><\/span><\/span><span class=\"updated\" style=\"display:none;\">2026-04-26T20:26:02+00:00<\/span><span>26 kwietnia, 2026<\/span><span class=\"fusion-inline-sep\">|<\/span><\/div><div class=\"fusion-alignright\"><a class=\"fusion-read-more\" href=\"https:\/\/klasztorwieliczka.pl\/index.php\/2026\/04\/26\/ogloszenia-parafialne-26-04-2026\/\" aria-label=\"More on Og\u0142oszenia parafialne | 26.04.2026\">Read More<\/a><\/div><\/div><\/article>\n<article id=\"blog-1-post-2779\" class=\"fusion-post-medium post-2779 post type-post status-publish format-standard has-post-thumbnail hentry category-ogloszenia-parafialne\">\n\t<style type=\"text\/css\">\n\t\t\n\t\t\n\t\t\n\t\t\n\t\t\t<\/style>\n\n\n\t\t\t<div class=\"fusion-flexslider flexslider fusion-flexslider-loading fusion-post-slideshow\" style=\"\">\n\t\t<ul class=\"slides\">\n\t\t\t\n\t\t\t\t\t\t\t\t\t\t\t\t\t\t<li><div  class=\"fusion-image-wrapper fusion-image-size-fixed\" aria-haspopup=\"true\">\n\t\t\t\t<img decoding=\"async\" width=\"320\" height=\"202\" src=\"https:\/\/klasztorwieliczka.pl\/wp-content\/uploads\/2015\/09\/fot.-Mariusz-Wloch-Fotodron-320x202.jpg\" class=\"attachment-blog-medium size-blog-medium lazyload wp-post-image\" alt=\"\" srcset=\"data:image\/svg+xml,%3Csvg%20xmlns%3D%27http%3A%2F%2Fwww.w3.org%2F2000%2Fsvg%27%20width%3D%271080%27%20height%3D%27720%27%20viewBox%3D%270%200%201080%20720%27%3E%3Crect%20width%3D%271080%27%20height%3D%27720%27%20fill-opacity%3D%220%22%2F%3E%3C%2Fsvg%3E\" data-orig-src=\"https:\/\/klasztorwieliczka.pl\/wp-content\/uploads\/2015\/09\/fot.-Mariusz-Wloch-Fotodron-320x202.jpg\" data-srcset=\"https:\/\/klasztorwieliczka.pl\/wp-content\/uploads\/2015\/09\/fot.-Mariusz-Wloch-Fotodron-320x202.jpg 320w, https:\/\/klasztorwieliczka.pl\/wp-content\/uploads\/2015\/09\/fot.-Mariusz-Wloch-Fotodron-700x441.jpg 700w\" data-sizes=\"auto\" \/><div class=\"fusion-rollover\">\n\t<div class=\"fusion-rollover-content\">\n\n\t\t\t\t\t\t\t\t\t\t\t\t\t\t<a class=\"fusion-rollover-link\" href=\"https:\/\/klasztorwieliczka.pl\/index.php\/2026\/04\/10\/ogloszenia-parafialne-5-04-2026\/\">Og\u0142oszenia parafialne | 5.04.2026<\/a>\n\t\t\t\n\t\t\t\t\t\t\t\t\n\t\t\n\t\t\t\t\t\t\t\t\n\t\t\t\t\t\t\t\t\n\t\t\n\t\t\t\t\t\t<a class=\"fusion-link-wrapper\" href=\"https:\/\/klasztorwieliczka.pl\/index.php\/2026\/04\/10\/ogloszenia-parafialne-5-04-2026\/\" aria-label=\"Og\u0142oszenia parafialne | 5.04.2026\"><\/a>\n\t<\/div>\n<\/div>\n<\/div>\n<\/li>\n\t\t\t\n\t\t\t\n\t\t\t\t\t\t\t\t\t\t\t\t\t\t\t\t\t\t\t\t\t\t\t\t\t\t\t\t\t\t\t\t\t\t\t\t\t\t\t\t\t\t\t\t\t\t\t\t\t\t\t\t\t\t\t\t\t\t\t\t\t\t\t\t\t\t\t\t<\/ul>\n\t<\/div>\n\t<div class=\"fusion-post-content post-content\"><h2 class=\"blog-shortcode-post-title entry-title\"><a href=\"https:\/\/klasztorwieliczka.pl\/index.php\/2026\/04\/10\/ogloszenia-parafialne-5-04-2026\/\">Og\u0142oszenia parafialne | 5.04.2026<\/a><\/h2><div class=\"fusion-post-content-container\"><p>\ud83d\udce2 OG\u0141OSZENIA PARAFIALNE NIEDZIELA ZMARTWYCHWSTANIA PA\u0143SKIEGO | 05.04.2026 \u00a0 1. Trwaj\u0105c w rado\u015bci Zmartwychwstania Pa\u0144skiego, Ko\u015bci\u00f3\u0142 prowadzi nas ku jeszcze g\u0142\u0119bszemu odkryciu tajemnicy Bo\u017cego mi\u0142osierdzia, kt\u00f3re objawi\u0142o si\u0119 \u015bwiatu w<\/p><\/div><\/div><div class=\"fusion-clearfix\"><\/div><div class=\"fusion-meta-info\"><div class=\"fusion-alignleft\"><span class=\"vcard\" style=\"display: none;\"><span class=\"fn\"><a href=\"https:\/\/klasztorwieliczka.pl\/index.php\/author\/maciej\/\" title=\"Wpisy od Maciej Sobol\" rel=\"author\">Maciej Sobol<\/a><\/span><\/span><span class=\"updated\" style=\"display:none;\">2026-04-10T18:06:06+00:00<\/span><span>10 kwietnia, 2026<\/span><span class=\"fusion-inline-sep\">|<\/span><\/div><div class=\"fusion-alignright\"><a class=\"fusion-read-more\" href=\"https:\/\/klasztorwieliczka.pl\/index.php\/2026\/04\/10\/ogloszenia-parafialne-5-04-2026\/\" aria-label=\"More on Og\u0142oszenia parafialne | 5.04.2026\">Read More<\/a><\/div><\/div><\/article>\n<article id=\"blog-1-post-2775\" class=\"fusion-post-medium post-2775 post type-post status-publish format-standard has-post-thumbnail hentry category-ogloszenia-parafialne\">\n\t<style type=\"text\/css\">\n\t\t\n\t\t\n\t\t\n\t\t\n\t\t\t<\/style>\n\n\n\t\t\t<div class=\"fusion-flexslider flexslider fusion-flexslider-loading fusion-post-slideshow\" style=\"\">\n\t\t<ul class=\"slides\">\n\t\t\t\n\t\t\t\t\t\t\t\t\t\t\t\t\t\t<li><div  class=\"fusion-image-wrapper fusion-image-size-fixed\" aria-haspopup=\"true\">\n\t\t\t\t<img decoding=\"async\" width=\"320\" height=\"202\" src=\"https:\/\/klasztorwieliczka.pl\/wp-content\/uploads\/2015\/09\/fot.-Mariusz-Wloch-Fotodron-320x202.jpg\" class=\"attachment-blog-medium size-blog-medium lazyload wp-post-image\" alt=\"\" srcset=\"data:image\/svg+xml,%3Csvg%20xmlns%3D%27http%3A%2F%2Fwww.w3.org%2F2000%2Fsvg%27%20width%3D%271080%27%20height%3D%27720%27%20viewBox%3D%270%200%201080%20720%27%3E%3Crect%20width%3D%271080%27%20height%3D%27720%27%20fill-opacity%3D%220%22%2F%3E%3C%2Fsvg%3E\" data-orig-src=\"https:\/\/klasztorwieliczka.pl\/wp-content\/uploads\/2015\/09\/fot.-Mariusz-Wloch-Fotodron-320x202.jpg\" data-srcset=\"https:\/\/klasztorwieliczka.pl\/wp-content\/uploads\/2015\/09\/fot.-Mariusz-Wloch-Fotodron-320x202.jpg 320w, https:\/\/klasztorwieliczka.pl\/wp-content\/uploads\/2015\/09\/fot.-Mariusz-Wloch-Fotodron-700x441.jpg 700w\" data-sizes=\"auto\" \/><div class=\"fusion-rollover\">\n\t<div class=\"fusion-rollover-content\">\n\n\t\t\t\t\t\t\t\t\t\t\t\t\t\t<a class=\"fusion-rollover-link\" href=\"https:\/\/klasztorwieliczka.pl\/index.php\/2026\/03\/30\/ogloszenia-parafialne-29-03-2026\/\">Og\u0142oszenia parafialne | 29.03.2026<\/a>\n\t\t\t\n\t\t\t\t\t\t\t\t\n\t\t\n\t\t\t\t\t\t\t\t\n\t\t\t\t\t\t\t\t\n\t\t\n\t\t\t\t\t\t<a class=\"fusion-link-wrapper\" href=\"https:\/\/klasztorwieliczka.pl\/index.php\/2026\/03\/30\/ogloszenia-parafialne-29-03-2026\/\" aria-label=\"Og\u0142oszenia parafialne | 29.03.2026\"><\/a>\n\t<\/div>\n<\/div>\n<\/div>\n<\/li>\n\t\t\t\n\t\t\t\n\t\t\t\t\t\t\t\t\t\t\t\t\t\t\t\t\t\t\t\t\t\t\t\t\t\t\t\t\t\t\t\t\t\t\t\t\t\t\t\t\t\t\t\t\t\t\t\t\t\t\t\t\t\t\t\t\t\t\t\t\t\t\t\t\t\t\t\t<\/ul>\n\t<\/div>\n\t<div class=\"fusion-post-content post-content\"><h2 class=\"blog-shortcode-post-title entry-title\"><a href=\"https:\/\/klasztorwieliczka.pl\/index.php\/2026\/03\/30\/ogloszenia-parafialne-29-03-2026\/\">Og\u0142oszenia parafialne | 29.03.2026<\/a><\/h2><div class=\"fusion-post-content-container\"><p>OG\u0141OSZENIA PARAFIALNE NIEDZIELA PALMOWA M\u0118KI PA\u0143SKIEJ | 29.03.2026 1. Dzisiejsza NIEDZIELA PALMOWA wprowadza nas w najwa\u017cniejszy czas w roku liturgicznym. Wspominaj\u0105c uroczysty wjazd Pana Jezusa do Jerozolimy, chcemy i my<\/p><\/div><\/div><div class=\"fusion-clearfix\"><\/div><div class=\"fusion-meta-info\"><div class=\"fusion-alignleft\"><span class=\"vcard\" style=\"display: none;\"><span class=\"fn\"><a href=\"https:\/\/klasztorwieliczka.pl\/index.php\/author\/maciej\/\" title=\"Wpisy od Maciej Sobol\" rel=\"author\">Maciej Sobol<\/a><\/span><\/span><span class=\"updated\" style=\"display:none;\">2026-03-30T16:35:33+00:00<\/span><span>30 marca, 2026<\/span><span class=\"fusion-inline-sep\">|<\/span><\/div><div class=\"fusion-alignright\"><a class=\"fusion-read-more\" href=\"https:\/\/klasztorwieliczka.pl\/index.php\/2026\/03\/30\/ogloszenia-parafialne-29-03-2026\/\" aria-label=\"More on Og\u0142oszenia parafialne | 29.03.2026\">Read More<\/a><\/div><\/div><\/article>\n<\/div><div class=\"pagination clearfix\"><span class=\"current\">1<\/span><a href=\"https:\/\/klasztorwieliczka.pl\/index.php\/wp-json\/wp\/v2\/pages\/2066\/page\/2\/\" class=\"inactive\">2<\/a><a class=\"pagination-next\" rel=\"next\" href=\"https:\/\/klasztorwieliczka.pl\/index.php\/wp-json\/wp\/v2\/pages\/2066\/page\/2\/\"><span class=\"page-text\">Next<\/span><span class=\"page-next\"><\/span><\/a><\/div><div class=\"fusion-clearfix\"><\/div><\/div><div ><a class=\"fusion-button button-flat fusion-button-default-size button-default fusion-button-default button-3 fusion-button-default-span fusion-button-default-type\" style=\"width:calc(100%);\" target=\"_self\"><i class=\"fa-calendar-alt fas button-icon-left\" aria-hidden=\"true\"><\/i><span class=\"fusion-button-text\">WYDARZENIA<\/span><\/a><\/div><div class=\"fusion-separator fusion-full-width-sep\" style=\"align-self: center;margin-left: auto;margin-right: auto;width:100%;\"><div class=\"fusion-separator-border sep-double\" style=\"--awb-height:20px;--awb-amount:20px;border-color:var(--awb-color3);border-top-width:1px;border-bottom-width:1px;\"><\/div><\/div><div ><a class=\"fusion-button button-flat fusion-button-default-size button-default fusion-button-default button-4 fusion-button-default-span fusion-button-default-type\" style=\"width:calc(100%);\" target=\"_self\"><span class=\"fusion-button-text\">Jubileusz 400 lat obecno\u015bci Franciszkan\u00f3w w wieliczce<\/span><\/a><\/div><div class=\"fusion-text fusion-text-4\" style=\"--awb-font-size:17px;--awb-text-color:var(--awb-color7);--awb-text-font-family:&quot;Lora&quot;;--awb-text-font-style:normal;--awb-text-font-weight:400;\"><p style=\"text-align: center;\">W 2025 roku obchodzimy niezwyk\u0142y jubileusz \u2013 400-lecie obecno\u015bci franciszkan\u00f3w w Wieliczce. To czas wdzi\u0119czno\u015bci, rado\u015bci i wsp\u00f3lnotowego \u015bwi\u0119towania. Z tej okazji przygotowali\u015bmy bogaty program wydarze\u0144 duchowych, kulturalnych i integracyjnych.<\/p>\n<p style=\"text-align: center;\"><b>Serdecznie zapraszamy wszystkich parafian, mieszka\u0144c\u00f3w Wieliczki oraz go\u015bci do udzia\u0142u w jubileuszowych uroczysto\u015bciach!<\/b><\/p>\n<p style=\"text-align: center;\">Je\u015bli masz potrzeb\u0119 serca wesprze\u0107 nas materialnie to mo\u017cesz to zrobi\u0107 wp\u0142acaj\u0105c wolny datek na konto parafii z dopiskiem JUBILEUSZ:<\/p>\n<\/div><div ><a class=\"fusion-button button-flat fusion-button-default-size button-default fusion-button-default button-5 fusion-button-default-span fusion-button-default-type\" style=\"width:calc(100%);\" target=\"_self\" title=\"Cegie\u0142ka\" aria-label=\"Cegie\u0142ka\" href=\"https:\/\/klasztorwieliczka.pl\/index.php\/kontakt\/\"><span class=\"fusion-button-text\">Cegie\u0142ka<\/span><\/a><\/div><\/div><\/div><div class=\"fusion-layout-column fusion_builder_column fusion-builder-column-1 fusion_builder_column_1_3 1_3 fusion-flex-column\" style=\"--awb-bg-size:cover;--awb-width-large:33.333333333333%;--awb-margin-top-large:0px;--awb-spacing-right-large:0px;--awb-margin-bottom-large:0px;--awb-spacing-left-large:0px;--awb-width-medium:50%;--awb-order-medium:1;--awb-spacing-right-medium:0px;--awb-spacing-left-medium:0px;--awb-width-small:100%;--awb-order-small:1;--awb-spacing-right-small:0px;--awb-margin-bottom-small:60px;--awb-spacing-left-small:0px;\"><div class=\"fusion-column-wrapper fusion-column-has-shadow fusion-flex-justify-content-flex-start fusion-content-layout-column\"><div class=\"fusion-image-element \" style=\"--awb-aspect-ratio: 100 \/ 90;--awb-object-position:0% 50%;--awb-caption-title-font-family:var(--h2_typography-font-family);--awb-caption-title-font-weight:var(--h2_typography-font-weight);--awb-caption-title-font-style:var(--h2_typography-font-style);--awb-caption-title-size:var(--h2_typography-font-size);--awb-caption-title-transform:var(--h2_typography-text-transform);--awb-caption-title-line-height:var(--h2_typography-line-height);--awb-caption-title-letter-spacing:var(--h2_typography-letter-spacing);\"><span class=\" fusion-imageframe imageframe-none imageframe-2 hover-type-none has-aspect-ratio\"><a class=\"fusion-no-lightbox\" href=\"#\" target=\"_self\" aria-label=\"obr33\"><img decoding=\"async\" width=\"448\" height=\"274\" src=\"https:\/\/klasztorwieliczka.pl\/wp-content\/uploads\/2025\/04\/obr33.jpg\" data-orig-src=\"https:\/\/klasztorwieliczka.pl\/wp-content\/uploads\/2025\/04\/obr33.jpg\" class=\"lazyload img-responsive wp-image-2108 img-with-aspect-ratio\" alt srcset=\"data:image\/svg+xml,%3Csvg%20xmlns%3D%27http%3A%2F%2Fwww.w3.org%2F2000%2Fsvg%27%20width%3D%27448%27%20height%3D%27274%27%20viewBox%3D%270%200%20448%20274%27%3E%3Crect%20width%3D%27448%27%20height%3D%27274%27%20fill-opacity%3D%220%22%2F%3E%3C%2Fsvg%3E\" data-srcset=\"https:\/\/klasztorwieliczka.pl\/wp-content\/uploads\/2025\/04\/obr33-200x122.jpg 200w, https:\/\/klasztorwieliczka.pl\/wp-content\/uploads\/2025\/04\/obr33-400x245.jpg 400w, https:\/\/klasztorwieliczka.pl\/wp-content\/uploads\/2025\/04\/obr33.jpg 448w\" data-sizes=\"auto\" data-orig-sizes=\"(max-width: 1024px) 100vw, (max-width: 640px) 100vw, 448px\" \/><\/a><\/span><\/div><\/div><\/div><div class=\"fusion-layout-column fusion_builder_column fusion-builder-column-2 fusion_builder_column_1_3 1_3 fusion-flex-column fusion-flex-align-self-stretch\" style=\"--awb-padding-top:20px;--awb-padding-right:20%;--awb-padding-bottom:20px;--awb-padding-left:20%;--awb-padding-right-medium:20px;--awb-padding-left-medium:20px;--awb-bg-color:#fcfcfc;--awb-bg-color-hover:rgba(247,247,247,1);--awb-bg-size:cover;--awb-width-large:33.333333333333%;--awb-margin-top-large:0px;--awb-spacing-right-large:0px;--awb-margin-bottom-large:0px;--awb-spacing-left-large:0px;--awb-width-medium:50%;--awb-order-medium:3;--awb-spacing-right-medium:0px;--awb-spacing-left-medium:0px;--awb-width-small:100%;--awb-order-small:4;--awb-spacing-right-small:0px;--awb-margin-bottom-small:80px;--awb-spacing-left-small:0px;\"><div class=\"fusion-column-wrapper fusion-column-has-shadow fusion-flex-justify-content-center fusion-content-layout-column\"><div class=\"fusion-title title fusion-title-1 fusion-title-center fusion-title-text fusion-title-size-four\" style=\"--awb-text-color:#141617;--awb-font-size:24px;\"><div class=\"title-sep-container title-sep-container-left\"><div class=\"title-sep sep- sep-solid\" style=\"border-color:var(--awb-color3);\"><\/div><\/div><span class=\"awb-title-spacer\"><\/span><h4 class=\"fusion-title-heading title-heading-center fusion-responsive-typography-calculated\" style=\"font-family:&quot;Lora&quot;;font-style:normal;font-weight:400;margin:0;font-size:1em;letter-spacing:-0.015em;text-transform:capitalize;--fontSize:24;line-height:1.5;\">Akatyst do Ducha \u015awi\u0119tego<\/h4><span class=\"awb-title-spacer\"><\/span><div class=\"title-sep-container title-sep-container-right\"><div class=\"title-sep sep- sep-solid\" style=\"border-color:var(--awb-color3);\"><\/div><\/div><\/div><div class=\"fusion-text fusion-text-5 fusion-text-no-margin\" style=\"--awb-content-alignment:center;--awb-font-size:17px;--awb-line-height:1.8;--awb-letter-spacing:-0.015em;--awb-text-transform:var(--awb-typography4-text-transform);--awb-text-color:#141617;--awb-margin-bottom:40px;--awb-text-font-family:&quot;Lora&quot;;--awb-text-font-style:normal;--awb-text-font-weight:400;\"><p><strong>7.06.2025 <\/strong><\/p>\n<p>godz. 21:00<\/p>\n<p>Poruszaj\u0105cy hymn liturgiczny, kt\u00f3ry pomaga otworzy\u0107 si\u0119 na dzia\u0142anie Ducha \u015awi\u0119tego<\/p>\n<\/div><\/div><\/div><div class=\"fusion-layout-column fusion_builder_column fusion-builder-column-3 fusion_builder_column_1_3 1_3 fusion-flex-column\" style=\"--awb-bg-size:cover;--awb-width-large:33.333333333333%;--awb-margin-top-large:0px;--awb-spacing-right-large:0px;--awb-margin-bottom-large:0px;--awb-spacing-left-large:0px;--awb-width-medium:50%;--awb-order-medium:5;--awb-spacing-right-medium:0px;--awb-spacing-left-medium:0px;--awb-width-small:100%;--awb-order-small:5;--awb-spacing-right-small:0px;--awb-margin-bottom-small:60px;--awb-spacing-left-small:0px;\"><div class=\"fusion-column-wrapper fusion-column-has-shadow fusion-flex-justify-content-flex-start fusion-content-layout-column\"><div class=\"fusion-image-element \" style=\"--awb-aspect-ratio: 100 \/ 90;--awb-object-position:100% 50%;--awb-caption-title-font-family:var(--h2_typography-font-family);--awb-caption-title-font-weight:var(--h2_typography-font-weight);--awb-caption-title-font-style:var(--h2_typography-font-style);--awb-caption-title-size:var(--h2_typography-font-size);--awb-caption-title-transform:var(--h2_typography-text-transform);--awb-caption-title-line-height:var(--h2_typography-line-height);--awb-caption-title-letter-spacing:var(--h2_typography-letter-spacing);\"><span class=\" fusion-imageframe imageframe-none imageframe-3 hover-type-none has-aspect-ratio\"><a class=\"fusion-no-lightbox\" href=\"#\" target=\"_self\" aria-label=\"03739dc010c7351a7786f7591f7e2286\"><img decoding=\"async\" width=\"856\" height=\"550\" src=\"https:\/\/klasztorwieliczka.pl\/wp-content\/uploads\/2025\/04\/03739dc010c7351a7786f7591f7e2286.webp\" data-orig-src=\"https:\/\/klasztorwieliczka.pl\/wp-content\/uploads\/2025\/04\/03739dc010c7351a7786f7591f7e2286.webp\" class=\"lazyload img-responsive wp-image-2113 img-with-aspect-ratio\" alt srcset=\"data:image\/svg+xml,%3Csvg%20xmlns%3D%27http%3A%2F%2Fwww.w3.org%2F2000%2Fsvg%27%20width%3D%27856%27%20height%3D%27550%27%20viewBox%3D%270%200%20856%20550%27%3E%3Crect%20width%3D%27856%27%20height%3D%27550%27%20fill-opacity%3D%220%22%2F%3E%3C%2Fsvg%3E\" data-srcset=\"https:\/\/klasztorwieliczka.pl\/wp-content\/uploads\/2025\/04\/03739dc010c7351a7786f7591f7e2286-200x129.webp 200w, https:\/\/klasztorwieliczka.pl\/wp-content\/uploads\/2025\/04\/03739dc010c7351a7786f7591f7e2286-300x193.webp 300w, https:\/\/klasztorwieliczka.pl\/wp-content\/uploads\/2025\/04\/03739dc010c7351a7786f7591f7e2286-400x257.webp 400w, https:\/\/klasztorwieliczka.pl\/wp-content\/uploads\/2025\/04\/03739dc010c7351a7786f7591f7e2286-460x295.webp 460w, https:\/\/klasztorwieliczka.pl\/wp-content\/uploads\/2025\/04\/03739dc010c7351a7786f7591f7e2286-600x386.webp 600w, https:\/\/klasztorwieliczka.pl\/wp-content\/uploads\/2025\/04\/03739dc010c7351a7786f7591f7e2286-768x493.webp 768w, https:\/\/klasztorwieliczka.pl\/wp-content\/uploads\/2025\/04\/03739dc010c7351a7786f7591f7e2286-800x514.webp 800w, https:\/\/klasztorwieliczka.pl\/wp-content\/uploads\/2025\/04\/03739dc010c7351a7786f7591f7e2286.webp 856w\" data-sizes=\"auto\" data-orig-sizes=\"(max-width: 1024px) 100vw, (max-width: 640px) 100vw, 600px\" \/><\/a><\/span><\/div><\/div><\/div><div class=\"fusion-layout-column fusion_builder_column fusion-builder-column-4 fusion_builder_column_1_3 1_3 fusion-flex-column fusion-flex-align-self-stretch\" style=\"--awb-padding-top:20px;--awb-padding-right:20%;--awb-padding-bottom:20px;--awb-padding-left:20%;--awb-padding-right-medium:20px;--awb-padding-left-medium:20px;--awb-bg-color:#fcfcfc;--awb-bg-color-hover:rgba(247,247,247,1);--awb-bg-size:cover;--awb-width-large:33.333333333333%;--awb-margin-top-large:0px;--awb-spacing-right-large:0px;--awb-margin-bottom-large:0px;--awb-spacing-left-large:0px;--awb-width-medium:50%;--awb-order-medium:2;--awb-spacing-right-medium:0px;--awb-spacing-left-medium:0px;--awb-width-small:100%;--awb-order-small:2;--awb-spacing-right-small:0px;--awb-margin-bottom-small:80px;--awb-spacing-left-small:0px;\"><div class=\"fusion-column-wrapper fusion-column-has-shadow fusion-flex-justify-content-center fusion-content-layout-column\"><div class=\"fusion-title title fusion-title-2 fusion-title-center fusion-title-text fusion-title-size-four\" style=\"--awb-text-color:#141617;--awb-font-size:24px;\"><div class=\"title-sep-container title-sep-container-left\"><div class=\"title-sep sep- sep-solid\" style=\"border-color:var(--awb-color3);\"><\/div><\/div><span class=\"awb-title-spacer\"><\/span><h4 class=\"fusion-title-heading title-heading-center fusion-responsive-typography-calculated\" style=\"font-family:&quot;Lora&quot;;font-style:normal;font-weight:400;margin:0;font-size:1em;letter-spacing:-0.015em;text-transform:capitalize;--fontSize:24;line-height:1.5;\"><p>Rekolekcje Oddanie 33<\/p>\n<p>&nbsp;<\/p><\/h4><span class=\"awb-title-spacer\"><\/span><div class=\"title-sep-container title-sep-container-right\"><div class=\"title-sep sep- sep-solid\" style=\"border-color:var(--awb-color3);\"><\/div><\/div><\/div><div class=\"fusion-text fusion-text-6 fusion-text-no-margin\" style=\"--awb-content-alignment:center;--awb-font-size:17px;--awb-line-height:1.8;--awb-letter-spacing:-0.015em;--awb-text-transform:var(--awb-typography4-text-transform);--awb-text-color:#141617;--awb-margin-bottom:40px;--awb-text-font-family:&quot;Lora&quot;;--awb-text-font-style:normal;--awb-text-font-weight:400;\"><p>Rozpocz\u0119cie 11.05.2025r.<\/p>\n<p><strong>Uroczyste Oddanie 13.06.2025 godz.18:00.&nbsp;<\/strong><\/p>\n<p>&nbsp;<\/p>\n<p>&nbsp;<\/p>\n<\/div><div style=\"text-align:center;\"><a class=\"fusion-button button-flat fusion-button-default-size button-custom fusion-button-default button-6 fusion-button-default-span fusion-button-default-type\" style=\"--button_accent_color:#111111;--button_border_color:#0096bc;--button_accent_hover_color:#fcfcfc;--button_border_hover_color:#f99a2c;--button_border_width-top:2px;--button_border_width-right:2px;--button_border_width-bottom:2px;--button_border_width-left:2px;--button-border-radius-top-left:0;--button-border-radius-top-right:0;--button-border-radius-bottom-right:0;--button-border-radius-bottom-left:0;--button_gradient_top_color:rgba(0,151,189,0);--button_gradient_bottom_color:rgba(0,151,189,0);--button_gradient_top_color_hover:#f99a2c;--button_gradient_bottom_color_hover:#f99a2c;--button_text_transform:uppercase;--button_font_size:14px;--button_line_height:1.5;--button_typography-letter-spacing:-0.015em;--button_typography-font-family:&quot;Plus Jakarta Sans&quot;;--button_typography-font-style:normal;--button_typography-font-weight:500;width:calc(100%);\" target=\"_self\" href=\"https:\/\/klasztorwieliczka.pl\/index.php\/oddanie33\/\"><span class=\"fusion-button-text\">dowiedz si\u0119 wi\u0119cej<\/span><\/a><\/div><\/div><\/div><div class=\"fusion-layout-column fusion_builder_column fusion-builder-column-5 fusion_builder_column_1_3 1_3 fusion-flex-column\" style=\"--awb-bg-size:cover;--awb-width-large:33.333333333333%;--awb-margin-top-large:0px;--awb-spacing-right-large:0px;--awb-margin-bottom-large:0px;--awb-spacing-left-large:0px;--awb-width-medium:50%;--awb-order-medium:4;--awb-spacing-right-medium:0px;--awb-spacing-left-medium:0px;--awb-width-small:100%;--awb-order-small:3;--awb-spacing-right-small:0px;--awb-margin-bottom-small:60px;--awb-spacing-left-small:0px;\"><div class=\"fusion-column-wrapper fusion-column-has-shadow fusion-flex-justify-content-flex-start fusion-content-layout-column\"><div class=\"fusion-image-element \" style=\"--awb-aspect-ratio: 100 \/ 90;--awb-object-position:48% 46%;--awb-caption-title-font-family:var(--h2_typography-font-family);--awb-caption-title-font-weight:var(--h2_typography-font-weight);--awb-caption-title-font-style:var(--h2_typography-font-style);--awb-caption-title-size:var(--h2_typography-font-size);--awb-caption-title-transform:var(--h2_typography-text-transform);--awb-caption-title-line-height:var(--h2_typography-line-height);--awb-caption-title-letter-spacing:var(--h2_typography-letter-spacing);\"><span class=\" fusion-imageframe imageframe-none imageframe-4 hover-type-none has-aspect-ratio\"><a class=\"fusion-no-lightbox\" href=\"#\" target=\"_self\" aria-label=\"fot. Wojciech Radek WM Krak\u00f3w_4\"><img decoding=\"async\" width=\"1707\" height=\"2560\" src=\"https:\/\/klasztorwieliczka.pl\/wp-content\/uploads\/2025\/04\/fot.-Wojciech-Radek-WM-Krakow_4-scaled.jpg\" data-orig-src=\"https:\/\/klasztorwieliczka.pl\/wp-content\/uploads\/2025\/04\/fot.-Wojciech-Radek-WM-Krakow_4-scaled.jpg\" class=\"lazyload img-responsive wp-image-2101 img-with-aspect-ratio\" alt srcset=\"data:image\/svg+xml,%3Csvg%20xmlns%3D%27http%3A%2F%2Fwww.w3.org%2F2000%2Fsvg%27%20width%3D%271707%27%20height%3D%272560%27%20viewBox%3D%270%200%201707%202560%27%3E%3Crect%20width%3D%271707%27%20height%3D%272560%27%20fill-opacity%3D%220%22%2F%3E%3C%2Fsvg%3E\" data-srcset=\"https:\/\/klasztorwieliczka.pl\/wp-content\/uploads\/2025\/04\/fot.-Wojciech-Radek-WM-Krakow_4-200x300.jpg 200w, https:\/\/klasztorwieliczka.pl\/wp-content\/uploads\/2025\/04\/fot.-Wojciech-Radek-WM-Krakow_4-400x600.jpg 400w, https:\/\/klasztorwieliczka.pl\/wp-content\/uploads\/2025\/04\/fot.-Wojciech-Radek-WM-Krakow_4-600x900.jpg 600w, https:\/\/klasztorwieliczka.pl\/wp-content\/uploads\/2025\/04\/fot.-Wojciech-Radek-WM-Krakow_4-800x1200.jpg 800w, https:\/\/klasztorwieliczka.pl\/wp-content\/uploads\/2025\/04\/fot.-Wojciech-Radek-WM-Krakow_4-1200x1800.jpg 1200w, https:\/\/klasztorwieliczka.pl\/wp-content\/uploads\/2025\/04\/fot.-Wojciech-Radek-WM-Krakow_4-scaled.jpg 1707w\" data-sizes=\"auto\" data-orig-sizes=\"(max-width: 1024px) 100vw, (max-width: 640px) 100vw, 600px\" \/><\/a><\/span><\/div><\/div><\/div><div class=\"fusion-layout-column fusion_builder_column fusion-builder-column-6 fusion_builder_column_1_3 1_3 fusion-flex-column fusion-flex-align-self-stretch\" style=\"--awb-padding-top:20px;--awb-padding-right:20%;--awb-padding-bottom:20px;--awb-padding-left:20%;--awb-padding-right-medium:20px;--awb-padding-left-medium:20px;--awb-bg-color:#fcfcfc;--awb-bg-color-hover:rgba(247,247,247,1);--awb-bg-size:cover;--awb-width-large:33.333333333333%;--awb-margin-top-large:0px;--awb-spacing-right-large:0px;--awb-margin-bottom-large:0px;--awb-spacing-left-large:0px;--awb-width-medium:50%;--awb-order-medium:6;--awb-spacing-right-medium:0px;--awb-spacing-left-medium:0px;--awb-width-small:100%;--awb-order-small:6;--awb-spacing-right-small:0px;--awb-margin-bottom-small:80px;--awb-spacing-left-small:0px;\"><div class=\"fusion-column-wrapper fusion-column-has-shadow fusion-flex-justify-content-center fusion-content-layout-column\"><div class=\"fusion-title title fusion-title-3 fusion-title-center fusion-title-text fusion-title-size-four\" style=\"--awb-text-color:#141617;--awb-font-size:24px;\"><div class=\"title-sep-container title-sep-container-left\"><div class=\"title-sep sep- sep-solid\" style=\"border-color:var(--awb-color3);\"><\/div><\/div><span class=\"awb-title-spacer\"><\/span><h4 class=\"fusion-title-heading title-heading-center fusion-responsive-typography-calculated\" style=\"font-family:&quot;Lora&quot;;font-style:normal;font-weight:400;margin:0;font-size:1em;letter-spacing:-0.015em;text-transform:capitalize;--fontSize:24;line-height:1.5;\">Spotkanie w Kopalni Soli<\/h4><span class=\"awb-title-spacer\"><\/span><div class=\"title-sep-container title-sep-container-right\"><div class=\"title-sep sep- sep-solid\" style=\"border-color:var(--awb-color3);\"><\/div><\/div><\/div><div class=\"fusion-text fusion-text-7 fusion-text-no-margin\" style=\"--awb-content-alignment:center;--awb-font-size:17px;--awb-line-height:1.8;--awb-letter-spacing:-0.015em;--awb-text-transform:var(--awb-typography4-text-transform);--awb-text-color:#141617;--awb-margin-bottom:40px;--awb-text-font-family:&quot;Lora&quot;;--awb-text-font-style:normal;--awb-text-font-weight:400;\"><p><span style=\"font-weight: 400;\"><b>14.06.2025<\/b><\/span><\/p>\n<p><span style=\"font-weight: 400;\">19:30 Sympozjum <\/span><\/p>\n<p><span style=\"font-weight: 400;\">popularno &#8211; naukowe  &#8222;Dziedzictwo wiary i mi\u0142o\u015bci&#8221;<\/span><\/p>\n<p>Wej\u015bci\u00f3wk\u0119 mo\u017cesz odebra\u0107 po ka\u017cdej mszy \u015bwi\u0119tej od 8.06-12.06<\/p>\n<\/div><\/div><\/div><\/div><\/div><div class=\"fusion-fullwidth fullwidth-box fusion-builder-row-2 fusion-flex-container hundred-percent-fullwidth non-hundred-percent-height-scrolling\" style=\"--awb-border-radius-top-left:0px;--awb-border-radius-top-right:0px;--awb-border-radius-bottom-right:0px;--awb-border-radius-bottom-left:0px;--awb-padding-top:0px;--awb-padding-right:0px;--awb-padding-bottom:0px;--awb-padding-left:0px;--awb-flex-wrap:wrap;\" ><div class=\"fusion-builder-row fusion-row fusion-flex-align-items-flex-start fusion-flex-content-wrap\" style=\"width:calc( 100% + 0px ) !important;max-width:calc( 100% + 0px ) !important;margin-left: calc(-0px \/ 2 );margin-right: calc(-0px \/ 2 );\"><div class=\"fusion-layout-column fusion_builder_column fusion-builder-column-7 fusion_builder_column_1_3 1_3 fusion-flex-column\" style=\"--awb-bg-size:cover;--awb-width-large:33.333333333333%;--awb-margin-top-large:0px;--awb-spacing-right-large:0px;--awb-margin-bottom-large:0px;--awb-spacing-left-large:0px;--awb-width-medium:50%;--awb-order-medium:1;--awb-spacing-right-medium:0px;--awb-spacing-left-medium:0px;--awb-width-small:100%;--awb-order-small:0;--awb-spacing-right-small:0px;--awb-margin-bottom-small:60px;--awb-spacing-left-small:0px;\"><div class=\"fusion-column-wrapper fusion-column-has-shadow fusion-flex-justify-content-flex-start fusion-content-layout-column\"><div class=\"fusion-image-element \" style=\"--awb-aspect-ratio: 100 \/ 90;--awb-object-position:0% 50%;--awb-caption-title-font-family:var(--h2_typography-font-family);--awb-caption-title-font-weight:var(--h2_typography-font-weight);--awb-caption-title-font-style:var(--h2_typography-font-style);--awb-caption-title-size:var(--h2_typography-font-size);--awb-caption-title-transform:var(--h2_typography-text-transform);--awb-caption-title-line-height:var(--h2_typography-line-height);--awb-caption-title-letter-spacing:var(--h2_typography-letter-spacing);\"><span class=\" fusion-imageframe imageframe-none imageframe-5 hover-type-none has-aspect-ratio\"><a class=\"fusion-no-lightbox\" href=\"#\" target=\"_self\" aria-label=\"msza\"><img decoding=\"async\" width=\"512\" height=\"339\" src=\"https:\/\/klasztorwieliczka.pl\/wp-content\/uploads\/2025\/04\/msza.jpg\" data-orig-src=\"https:\/\/klasztorwieliczka.pl\/wp-content\/uploads\/2025\/04\/msza.jpg\" class=\"lazyload img-responsive wp-image-2117 img-with-aspect-ratio\" alt srcset=\"data:image\/svg+xml,%3Csvg%20xmlns%3D%27http%3A%2F%2Fwww.w3.org%2F2000%2Fsvg%27%20width%3D%27512%27%20height%3D%27339%27%20viewBox%3D%270%200%20512%20339%27%3E%3Crect%20width%3D%27512%27%20height%3D%27339%27%20fill-opacity%3D%220%22%2F%3E%3C%2Fsvg%3E\" data-srcset=\"https:\/\/klasztorwieliczka.pl\/wp-content\/uploads\/2025\/04\/msza-200x132.jpg 200w, https:\/\/klasztorwieliczka.pl\/wp-content\/uploads\/2025\/04\/msza-400x265.jpg 400w, https:\/\/klasztorwieliczka.pl\/wp-content\/uploads\/2025\/04\/msza.jpg 512w\" data-sizes=\"auto\" data-orig-sizes=\"(max-width: 1024px) 100vw, (max-width: 640px) 100vw, 512px\" \/><\/a><\/span><\/div><\/div><\/div><div class=\"fusion-layout-column fusion_builder_column fusion-builder-column-8 fusion_builder_column_1_3 1_3 fusion-flex-column fusion-flex-align-self-stretch\" style=\"--awb-padding-top:20px;--awb-padding-right:20%;--awb-padding-bottom:20px;--awb-padding-left:20%;--awb-padding-right-medium:20px;--awb-padding-left-medium:20px;--awb-bg-color:#fcfcfc;--awb-bg-color-hover:rgba(247,247,247,1);--awb-bg-size:cover;--awb-width-large:33.333333333333%;--awb-margin-top-large:0px;--awb-spacing-right-large:0px;--awb-margin-bottom-large:0px;--awb-spacing-left-large:0px;--awb-width-medium:50%;--awb-order-medium:3;--awb-spacing-right-medium:0px;--awb-spacing-left-medium:0px;--awb-width-small:100%;--awb-order-small:3;--awb-spacing-right-small:0px;--awb-margin-bottom-small:80px;--awb-spacing-left-small:0px;\"><div class=\"fusion-column-wrapper fusion-column-has-shadow fusion-flex-justify-content-center fusion-content-layout-column\"><div class=\"fusion-title title fusion-title-4 fusion-title-center fusion-title-text fusion-title-size-four\" style=\"--awb-text-color:#111111;--awb-font-size:24px;\"><div class=\"title-sep-container title-sep-container-left\"><div class=\"title-sep sep- sep-solid\" style=\"border-color:var(--awb-color3);\"><\/div><\/div><span class=\"awb-title-spacer\"><\/span><h4 class=\"fusion-title-heading title-heading-center fusion-responsive-typography-calculated\" style=\"font-family:&quot;Lora&quot;;font-style:normal;font-weight:400;margin:0;font-size:1em;letter-spacing:-0.015em;text-transform:capitalize;--fontSize:24;line-height:1.5;\">Koncert Oratoryjny<\/h4><span class=\"awb-title-spacer\"><\/span><div class=\"title-sep-container title-sep-container-right\"><div class=\"title-sep sep- sep-solid\" style=\"border-color:var(--awb-color3);\"><\/div><\/div><\/div><div class=\"fusion-text fusion-text-8 fusion-text-no-margin\" style=\"--awb-content-alignment:center;--awb-font-size:17px;--awb-line-height:1.8;--awb-letter-spacing:-0.015em;--awb-text-transform:var(--awb-typography4-text-transform);--awb-text-color:#141617;--awb-margin-bottom:40px;--awb-text-font-family:&quot;Lora&quot;;--awb-text-font-style:normal;--awb-text-font-weight:400;\"><p><b>15.06.2025<\/b><\/p>\n<p>Oratorium dla rodzin &#8221; \u017bywy obraz tajemnic&#8221;<\/p>\n<p>godz. 19:00 ogrody klasztorne<\/p>\n<\/div><\/div><\/div><div class=\"fusion-layout-column fusion_builder_column fusion-builder-column-9 fusion_builder_column_1_3 1_3 fusion-flex-column\" style=\"--awb-bg-size:cover;--awb-width-large:33.333333333333%;--awb-margin-top-large:0px;--awb-spacing-right-large:0px;--awb-margin-bottom-large:0px;--awb-spacing-left-large:0px;--awb-width-medium:50%;--awb-order-medium:5;--awb-spacing-right-medium:0px;--awb-spacing-left-medium:0px;--awb-width-small:100%;--awb-order-small:4;--awb-spacing-right-small:0px;--awb-margin-bottom-small:60px;--awb-spacing-left-small:0px;\"><div class=\"fusion-column-wrapper fusion-column-has-shadow fusion-flex-justify-content-flex-start fusion-content-layout-column\"><div class=\"fusion-image-element \" style=\"--awb-aspect-ratio: 100 \/ 90;--awb-object-position:100% 50%;--awb-caption-title-font-family:var(--h2_typography-font-family);--awb-caption-title-font-weight:var(--h2_typography-font-weight);--awb-caption-title-font-style:var(--h2_typography-font-style);--awb-caption-title-size:var(--h2_typography-font-size);--awb-caption-title-transform:var(--h2_typography-text-transform);--awb-caption-title-line-height:var(--h2_typography-line-height);--awb-caption-title-letter-spacing:var(--h2_typography-letter-spacing);\"><span class=\" fusion-imageframe imageframe-none imageframe-6 hover-type-none has-aspect-ratio\"><a class=\"fusion-no-lightbox\" href=\"#\" target=\"_self\" aria-label=\"IMG_0255\"><img decoding=\"async\" width=\"1917\" height=\"1280\" src=\"https:\/\/klasztorwieliczka.pl\/wp-content\/uploads\/2025\/04\/IMG_0255.jpg\" data-orig-src=\"https:\/\/klasztorwieliczka.pl\/wp-content\/uploads\/2025\/04\/IMG_0255.jpg\" class=\"lazyload img-responsive wp-image-1905 img-with-aspect-ratio\" alt srcset=\"data:image\/svg+xml,%3Csvg%20xmlns%3D%27http%3A%2F%2Fwww.w3.org%2F2000%2Fsvg%27%20width%3D%271917%27%20height%3D%271280%27%20viewBox%3D%270%200%201917%201280%27%3E%3Crect%20width%3D%271917%27%20height%3D%271280%27%20fill-opacity%3D%220%22%2F%3E%3C%2Fsvg%3E\" data-srcset=\"https:\/\/klasztorwieliczka.pl\/wp-content\/uploads\/2025\/04\/IMG_0255-200x134.jpg 200w, https:\/\/klasztorwieliczka.pl\/wp-content\/uploads\/2025\/04\/IMG_0255-400x267.jpg 400w, https:\/\/klasztorwieliczka.pl\/wp-content\/uploads\/2025\/04\/IMG_0255-600x401.jpg 600w, https:\/\/klasztorwieliczka.pl\/wp-content\/uploads\/2025\/04\/IMG_0255-800x534.jpg 800w, https:\/\/klasztorwieliczka.pl\/wp-content\/uploads\/2025\/04\/IMG_0255-1200x801.jpg 1200w, https:\/\/klasztorwieliczka.pl\/wp-content\/uploads\/2025\/04\/IMG_0255.jpg 1917w\" data-sizes=\"auto\" data-orig-sizes=\"(max-width: 1024px) 100vw, (max-width: 640px) 100vw, 600px\" \/><\/a><\/span><\/div><\/div><\/div><div class=\"fusion-layout-column fusion_builder_column fusion-builder-column-10 fusion_builder_column_1_3 1_3 fusion-flex-column fusion-flex-align-self-stretch\" style=\"--awb-padding-top:20px;--awb-padding-right:20%;--awb-padding-bottom:20px;--awb-padding-left:20%;--awb-padding-right-medium:20px;--awb-padding-left-medium:20px;--awb-bg-color:#fcfcfc;--awb-bg-color-hover:rgba(247,247,247,1);--awb-bg-size:cover;--awb-width-large:33.333333333333%;--awb-margin-top-large:0px;--awb-spacing-right-large:0px;--awb-margin-bottom-large:0px;--awb-spacing-left-large:0px;--awb-width-medium:50%;--awb-order-medium:2;--awb-spacing-right-medium:0px;--awb-spacing-left-medium:0px;--awb-width-small:100%;--awb-order-small:1;--awb-spacing-right-small:0px;--awb-margin-bottom-small:80px;--awb-spacing-left-small:0px;\"><div class=\"fusion-column-wrapper fusion-column-has-shadow fusion-flex-justify-content-center fusion-content-layout-column\"><div class=\"fusion-title title fusion-title-5 fusion-title-center fusion-title-text fusion-title-size-four\" style=\"--awb-text-color:#141617;--awb-font-size:24px;\"><div class=\"title-sep-container title-sep-container-left\"><div class=\"title-sep sep- sep-solid\" style=\"border-color:var(--awb-color3);\"><\/div><\/div><span class=\"awb-title-spacer\"><\/span><h4 class=\"fusion-title-heading title-heading-center fusion-responsive-typography-calculated\" style=\"font-family:&quot;Lora&quot;;font-style:normal;font-weight:400;margin:0;font-size:1em;letter-spacing:-0.015em;text-transform:capitalize;--fontSize:24;line-height:1.5;\">Jubileuszowa Msza \u015awi\u0119ta<\/h4><span class=\"awb-title-spacer\"><\/span><div class=\"title-sep-container title-sep-container-right\"><div class=\"title-sep sep- sep-solid\" style=\"border-color:var(--awb-color3);\"><\/div><\/div><\/div><div class=\"fusion-text fusion-text-9 fusion-text-no-margin\" style=\"--awb-content-alignment:center;--awb-font-size:17px;--awb-line-height:1.8;--awb-letter-spacing:-0.015em;--awb-text-transform:var(--awb-typography4-text-transform);--awb-text-color:#141617;--awb-margin-bottom:40px;--awb-text-font-family:&quot;Lora&quot;;--awb-text-font-style:normal;--awb-text-font-weight:400;\"><p><b>15.06.2025<\/b><\/p>\n<p>Wyj\u0105tkowa Msza \u015awi\u0119ta w Ogrodach Klasztornych godz. 12:00<\/p>\n<p>Przewodniczy: bp Robert Chrz\u0105szcz<\/p>\n<\/div><\/div><\/div><div class=\"fusion-layout-column fusion_builder_column fusion-builder-column-11 fusion_builder_column_1_3 1_3 fusion-flex-column\" style=\"--awb-bg-size:cover;--awb-width-large:33.333333333333%;--awb-margin-top-large:0px;--awb-spacing-right-large:0px;--awb-margin-bottom-large:0px;--awb-spacing-left-large:0px;--awb-width-medium:50%;--awb-order-medium:4;--awb-spacing-right-medium:0px;--awb-spacing-left-medium:0px;--awb-width-small:100%;--awb-order-small:2;--awb-spacing-right-small:0px;--awb-margin-bottom-small:60px;--awb-spacing-left-small:0px;\"><div class=\"fusion-column-wrapper fusion-column-has-shadow fusion-flex-justify-content-flex-start fusion-content-layout-column\"><div class=\"fusion-image-element \" style=\"--awb-aspect-ratio: 100 \/ 90;--awb-object-position:0% 52%;--awb-caption-title-font-family:var(--h2_typography-font-family);--awb-caption-title-font-weight:var(--h2_typography-font-weight);--awb-caption-title-font-style:var(--h2_typography-font-style);--awb-caption-title-size:var(--h2_typography-font-size);--awb-caption-title-transform:var(--h2_typography-text-transform);--awb-caption-title-line-height:var(--h2_typography-line-height);--awb-caption-title-letter-spacing:var(--h2_typography-letter-spacing);\"><span class=\" fusion-imageframe imageframe-none imageframe-7 hover-type-none has-aspect-ratio\"><a class=\"fusion-no-lightbox\" href=\"#\" target=\"_self\" aria-label=\"koncerty_oratoryjne-860&#215;485\"><img decoding=\"async\" width=\"860\" height=\"485\" src=\"https:\/\/klasztorwieliczka.pl\/wp-content\/uploads\/2025\/04\/koncerty_oratoryjne-860x485-1.jpg\" data-orig-src=\"https:\/\/klasztorwieliczka.pl\/wp-content\/uploads\/2025\/04\/koncerty_oratoryjne-860x485-1.jpg\" class=\"lazyload img-responsive wp-image-2118 img-with-aspect-ratio\" alt srcset=\"data:image\/svg+xml,%3Csvg%20xmlns%3D%27http%3A%2F%2Fwww.w3.org%2F2000%2Fsvg%27%20width%3D%27860%27%20height%3D%27485%27%20viewBox%3D%270%200%20860%20485%27%3E%3Crect%20width%3D%27860%27%20height%3D%27485%27%20fill-opacity%3D%220%22%2F%3E%3C%2Fsvg%3E\" data-srcset=\"https:\/\/klasztorwieliczka.pl\/wp-content\/uploads\/2025\/04\/koncerty_oratoryjne-860x485-1-200x113.jpg 200w, https:\/\/klasztorwieliczka.pl\/wp-content\/uploads\/2025\/04\/koncerty_oratoryjne-860x485-1-400x226.jpg 400w, https:\/\/klasztorwieliczka.pl\/wp-content\/uploads\/2025\/04\/koncerty_oratoryjne-860x485-1-600x338.jpg 600w, https:\/\/klasztorwieliczka.pl\/wp-content\/uploads\/2025\/04\/koncerty_oratoryjne-860x485-1-800x451.jpg 800w, https:\/\/klasztorwieliczka.pl\/wp-content\/uploads\/2025\/04\/koncerty_oratoryjne-860x485-1.jpg 860w\" data-sizes=\"auto\" data-orig-sizes=\"(max-width: 1024px) 100vw, (max-width: 640px) 100vw, 600px\" \/><\/a><\/span><\/div><\/div><\/div><div class=\"fusion-layout-column fusion_builder_column fusion-builder-column-12 fusion_builder_column_1_3 1_3 fusion-flex-column fusion-flex-align-self-stretch\" style=\"--awb-padding-top:20px;--awb-padding-right:20%;--awb-padding-bottom:20px;--awb-padding-left:20%;--awb-padding-right-medium:20px;--awb-padding-left-medium:20px;--awb-bg-color:#fcfcfc;--awb-bg-color-hover:rgba(247,247,247,1);--awb-bg-size:cover;--awb-width-large:33.333333333333%;--awb-margin-top-large:0px;--awb-spacing-right-large:0px;--awb-margin-bottom-large:0px;--awb-spacing-left-large:0px;--awb-width-medium:50%;--awb-order-medium:6;--awb-spacing-right-medium:0px;--awb-spacing-left-medium:0px;--awb-width-small:100%;--awb-order-small:5;--awb-spacing-right-small:0px;--awb-margin-bottom-small:80px;--awb-spacing-left-small:0px;\"><div class=\"fusion-column-wrapper fusion-column-has-shadow fusion-flex-justify-content-center fusion-content-layout-column\"><div class=\"fusion-title title fusion-title-6 fusion-title-center fusion-title-text fusion-title-size-four\" style=\"--awb-text-color:#141617;--awb-font-size:24px;\"><div class=\"title-sep-container title-sep-container-left\"><div class=\"title-sep sep- sep-solid\" style=\"border-color:var(--awb-color3);\"><\/div><\/div><span class=\"awb-title-spacer\"><\/span><h4 class=\"fusion-title-heading title-heading-center fusion-responsive-typography-calculated\" style=\"font-family:&quot;Lora&quot;;font-style:normal;font-weight:400;margin:0;font-size:1em;letter-spacing:-0.015em;text-transform:capitalize;--fontSize:24;line-height:1.5;\">festyn Franciszka\u0144ski<\/h4><span class=\"awb-title-spacer\"><\/span><div class=\"title-sep-container title-sep-container-right\"><div class=\"title-sep sep- sep-solid\" style=\"border-color:var(--awb-color3);\"><\/div><\/div><\/div><div class=\"fusion-text fusion-text-10 fusion-text-no-margin\" style=\"--awb-content-alignment:center;--awb-font-size:17px;--awb-line-height:1.8;--awb-letter-spacing:-0.015em;--awb-text-transform:var(--awb-typography4-text-transform);--awb-text-color:#141617;--awb-margin-bottom:40px;--awb-text-font-family:&quot;Lora&quot;;--awb-text-font-style:normal;--awb-text-font-weight:400;\"><p><strong>29.06.2025<\/strong><\/p>\n<p><strong>start godz. 15.00<\/strong><\/p>\n<p>Nie mo\u017ce Was zabrakn\u0105\u0107<\/p>\n<\/div><div style=\"text-align:center;\"><a class=\"fusion-button button-flat fusion-button-default-size button-custom fusion-button-default button-7 fusion-button-default-span fusion-button-default-type\" style=\"--button_accent_color:#111111;--button_border_color:#0096bc;--button_accent_hover_color:#fcfcfc;--button_border_hover_color:#f99a2c;--button_border_width-top:2px;--button_border_width-right:2px;--button_border_width-bottom:2px;--button_border_width-left:2px;--button-border-radius-top-left:0;--button-border-radius-top-right:0;--button-border-radius-bottom-right:0;--button-border-radius-bottom-left:0;--button_gradient_top_color:rgba(0,151,189,0);--button_gradient_bottom_color:rgba(0,151,189,0);--button_gradient_top_color_hover:#f99a2c;--button_gradient_bottom_color_hover:#f99a2c;--button_text_transform:uppercase;--button_font_size:14px;--button_line_height:1.5;--button_typography-letter-spacing:-0.015em;--button_typography-font-family:&quot;Plus Jakarta Sans&quot;;--button_typography-font-style:normal;--button_typography-font-weight:500;width:calc(100%);\" target=\"_self\" href=\"https:\/\/klasztorwieliczka.pl\/index.php\/festyn-franciszkanski\/\"><span class=\"fusion-button-text\">Dowiedz si\u0119 wi\u0119cej<\/span><\/a><\/div><\/div><\/div><\/div><\/div><div class=\"fusion-fullwidth fullwidth-box fusion-builder-row-3 fusion-flex-container hundred-percent-fullwidth non-hundred-percent-height-scrolling\" style=\"--awb-border-radius-top-left:0px;--awb-border-radius-top-right:0px;--awb-border-radius-bottom-right:0px;--awb-border-radius-bottom-left:0px;--awb-padding-top:0px;--awb-padding-right:0px;--awb-padding-bottom:0px;--awb-padding-left:0px;--awb-flex-wrap:wrap;\" ><div class=\"fusion-builder-row fusion-row fusion-flex-align-items-flex-start fusion-flex-content-wrap\" style=\"width:calc( 100% + 0px ) !important;max-width:calc( 100% + 0px ) !important;margin-left: calc(-0px \/ 2 );margin-right: calc(-0px \/ 2 );\"><div class=\"fusion-layout-column fusion_builder_column fusion-builder-column-13 fusion_builder_column_1_3 1_3 fusion-flex-column\" style=\"--awb-bg-size:cover;--awb-width-large:33.333333333333%;--awb-margin-top-large:0px;--awb-spacing-right-large:0px;--awb-margin-bottom-large:0px;--awb-spacing-left-large:0px;--awb-width-medium:50%;--awb-order-medium:1;--awb-spacing-right-medium:0px;--awb-spacing-left-medium:0px;--awb-width-small:100%;--awb-order-small:0;--awb-spacing-right-small:0px;--awb-margin-bottom-small:60px;--awb-spacing-left-small:0px;\"><div class=\"fusion-column-wrapper fusion-column-has-shadow fusion-flex-justify-content-flex-start fusion-content-layout-column\"><div class=\"fusion-image-element \" style=\"--awb-aspect-ratio: 100 \/ 90;--awb-object-position:0% 50%;--awb-caption-title-font-family:var(--h2_typography-font-family);--awb-caption-title-font-weight:var(--h2_typography-font-weight);--awb-caption-title-font-style:var(--h2_typography-font-style);--awb-caption-title-size:var(--h2_typography-font-size);--awb-caption-title-transform:var(--h2_typography-text-transform);--awb-caption-title-line-height:var(--h2_typography-line-height);--awb-caption-title-letter-spacing:var(--h2_typography-letter-spacing);\"><span class=\" fusion-imageframe imageframe-none imageframe-8 hover-type-none has-aspect-ratio\"><a class=\"fusion-no-lightbox\" href=\"#\" target=\"_self\" aria-label=\"Projekt bez nazwy\"><img decoding=\"async\" width=\"2400\" height=\"1599\" src=\"https:\/\/klasztorwieliczka.pl\/wp-content\/uploads\/2025\/04\/Projekt-bez-nazwy.jpg\" data-orig-src=\"https:\/\/klasztorwieliczka.pl\/wp-content\/uploads\/2025\/04\/Projekt-bez-nazwy.jpg\" class=\"lazyload img-responsive wp-image-2045 img-with-aspect-ratio\" alt srcset=\"data:image\/svg+xml,%3Csvg%20xmlns%3D%27http%3A%2F%2Fwww.w3.org%2F2000%2Fsvg%27%20width%3D%272400%27%20height%3D%271599%27%20viewBox%3D%270%200%202400%201599%27%3E%3Crect%20width%3D%272400%27%20height%3D%271599%27%20fill-opacity%3D%220%22%2F%3E%3C%2Fsvg%3E\" data-srcset=\"https:\/\/klasztorwieliczka.pl\/wp-content\/uploads\/2025\/04\/Projekt-bez-nazwy-200x133.jpg 200w, https:\/\/klasztorwieliczka.pl\/wp-content\/uploads\/2025\/04\/Projekt-bez-nazwy-400x267.jpg 400w, https:\/\/klasztorwieliczka.pl\/wp-content\/uploads\/2025\/04\/Projekt-bez-nazwy-600x400.jpg 600w, https:\/\/klasztorwieliczka.pl\/wp-content\/uploads\/2025\/04\/Projekt-bez-nazwy-800x533.jpg 800w, https:\/\/klasztorwieliczka.pl\/wp-content\/uploads\/2025\/04\/Projekt-bez-nazwy-1200x800.jpg 1200w, https:\/\/klasztorwieliczka.pl\/wp-content\/uploads\/2025\/04\/Projekt-bez-nazwy.jpg 2400w\" data-sizes=\"auto\" data-orig-sizes=\"(max-width: 1024px) 100vw, (max-width: 640px) 100vw, 600px\" \/><\/a><\/span><\/div><\/div><\/div><div class=\"fusion-layout-column fusion_builder_column fusion-builder-column-14 fusion_builder_column_1_3 1_3 fusion-flex-column fusion-flex-align-self-stretch\" style=\"--awb-padding-top:20px;--awb-padding-right:20%;--awb-padding-bottom:20px;--awb-padding-left:20%;--awb-padding-right-medium:20px;--awb-padding-left-medium:20px;--awb-bg-color:#fcfcfc;--awb-bg-color-hover:rgba(247,247,247,1);--awb-bg-size:cover;--awb-width-large:33.333333333333%;--awb-margin-top-large:0px;--awb-spacing-right-large:0px;--awb-margin-bottom-large:0px;--awb-spacing-left-large:0px;--awb-width-medium:50%;--awb-order-medium:3;--awb-spacing-right-medium:0px;--awb-spacing-left-medium:0px;--awb-width-small:100%;--awb-order-small:5;--awb-spacing-right-small:0px;--awb-margin-bottom-small:80px;--awb-spacing-left-small:0px;\"><div class=\"fusion-column-wrapper fusion-column-has-shadow fusion-flex-justify-content-center fusion-content-layout-column\"><div class=\"fusion-title title fusion-title-7 fusion-title-center fusion-title-text fusion-title-size-four\" style=\"--awb-text-color:#141617;--awb-font-size:24px;\"><div class=\"title-sep-container title-sep-container-left\"><div class=\"title-sep sep- sep-solid\" style=\"border-color:var(--awb-color3);\"><\/div><\/div><span class=\"awb-title-spacer\"><\/span><h4 class=\"fusion-title-heading title-heading-center fusion-responsive-typography-calculated\" style=\"font-family:&quot;Lora&quot;;font-style:normal;font-weight:400;margin:0;font-size:1em;letter-spacing:-0.015em;text-transform:capitalize;--fontSize:24;line-height:1.5;\">Wystawa w Muzeum \u017bup\u00a0 Krakowskich<\/h4><span class=\"awb-title-spacer\"><\/span><div class=\"title-sep-container title-sep-container-right\"><div class=\"title-sep sep- sep-solid\" style=\"border-color:var(--awb-color3);\"><\/div><\/div><\/div><div class=\"fusion-text fusion-text-11 fusion-text-no-margin\" style=\"--awb-content-alignment:center;--awb-font-size:17px;--awb-line-height:1.8;--awb-letter-spacing:-0.015em;--awb-text-transform:var(--awb-typography4-text-transform);--awb-text-color:#141617;--awb-margin-bottom:40px;--awb-text-font-family:&quot;Lora&quot;;--awb-text-font-style:normal;--awb-text-font-weight:400;\"><p><strong>Lipiec 2025<\/strong><\/p>\n<p><span style=\"font-weight: 400;\">Wystawa po\u015bwi\u0119cona historii obecno\u015bci franciszkan\u00f3w w Wieliczce &#8211; nieznane dot\u0105d fakty<\/span><\/p>\n<p>&nbsp;<\/p>\n<\/div><div style=\"text-align:center;\"><a class=\"fusion-button button-flat fusion-button-default-size button-custom fusion-button-default button-8 fusion-button-default-span fusion-button-default-type\" style=\"--button_accent_color:#111111;--button_border_color:#0096bc;--button_accent_hover_color:#fcfcfc;--button_border_hover_color:#f99a2c;--button_border_width-top:2px;--button_border_width-right:2px;--button_border_width-bottom:2px;--button_border_width-left:2px;--button-border-radius-top-left:0;--button-border-radius-top-right:0;--button-border-radius-bottom-right:0;--button-border-radius-bottom-left:0;--button_gradient_top_color:rgba(0,151,189,0);--button_gradient_bottom_color:rgba(0,151,189,0);--button_gradient_top_color_hover:#f99a2c;--button_gradient_bottom_color_hover:#f99a2c;--button_text_transform:uppercase;--button_font_size:14px;--button_line_height:1.5;--button_typography-letter-spacing:-0.015em;--button_typography-font-family:&quot;Plus Jakarta Sans&quot;;--button_typography-font-style:normal;--button_typography-font-weight:500;width:calc(100%);\" target=\"_self\" href=\"#https:\/\/muzeum.wieliczka.pl\/\"><span class=\"fusion-button-text\">Muzeum \u017bup Krakowskich<\/span><\/a><\/div><\/div><\/div><div class=\"fusion-layout-column fusion_builder_column fusion-builder-column-15 fusion_builder_column_1_3 1_3 fusion-flex-column\" style=\"--awb-bg-size:cover;--awb-width-large:33.333333333333%;--awb-margin-top-large:0px;--awb-spacing-right-large:0px;--awb-margin-bottom-large:0px;--awb-spacing-left-large:0px;--awb-width-medium:50%;--awb-order-medium:5;--awb-spacing-right-medium:0px;--awb-spacing-left-medium:0px;--awb-width-small:100%;--awb-order-small:2;--awb-spacing-right-small:0px;--awb-margin-bottom-small:60px;--awb-spacing-left-small:0px;\"><div class=\"fusion-column-wrapper fusion-column-has-shadow fusion-flex-justify-content-flex-start fusion-content-layout-column\"><div class=\"fusion-image-element \" style=\"--awb-aspect-ratio: 100 \/ 90;--awb-object-position:100% 50%;--awb-caption-title-font-family:var(--h2_typography-font-family);--awb-caption-title-font-weight:var(--h2_typography-font-weight);--awb-caption-title-font-style:var(--h2_typography-font-style);--awb-caption-title-size:var(--h2_typography-font-size);--awb-caption-title-transform:var(--h2_typography-text-transform);--awb-caption-title-line-height:var(--h2_typography-line-height);--awb-caption-title-letter-spacing:var(--h2_typography-letter-spacing);\"><span class=\" fusion-imageframe imageframe-none imageframe-9 hover-type-none has-aspect-ratio\"><a class=\"fusion-no-lightbox\" href=\"#\" target=\"_self\" aria-label=\"ChatGPT Image 29 kwi 2025, 20_45_59\"><img decoding=\"async\" width=\"1536\" height=\"1024\" src=\"https:\/\/klasztorwieliczka.pl\/wp-content\/uploads\/2025\/04\/ChatGPT-Image-29-kwi-2025-20_45_59.png\" data-orig-src=\"https:\/\/klasztorwieliczka.pl\/wp-content\/uploads\/2025\/04\/ChatGPT-Image-29-kwi-2025-20_45_59.png\" class=\"lazyload img-responsive wp-image-2041 img-with-aspect-ratio\" alt srcset=\"data:image\/svg+xml,%3Csvg%20xmlns%3D%27http%3A%2F%2Fwww.w3.org%2F2000%2Fsvg%27%20width%3D%271536%27%20height%3D%271024%27%20viewBox%3D%270%200%201536%201024%27%3E%3Crect%20width%3D%271536%27%20height%3D%271024%27%20fill-opacity%3D%220%22%2F%3E%3C%2Fsvg%3E\" data-srcset=\"https:\/\/klasztorwieliczka.pl\/wp-content\/uploads\/2025\/04\/ChatGPT-Image-29-kwi-2025-20_45_59-200x133.png 200w, https:\/\/klasztorwieliczka.pl\/wp-content\/uploads\/2025\/04\/ChatGPT-Image-29-kwi-2025-20_45_59-400x267.png 400w, https:\/\/klasztorwieliczka.pl\/wp-content\/uploads\/2025\/04\/ChatGPT-Image-29-kwi-2025-20_45_59-600x400.png 600w, https:\/\/klasztorwieliczka.pl\/wp-content\/uploads\/2025\/04\/ChatGPT-Image-29-kwi-2025-20_45_59-800x533.png 800w, https:\/\/klasztorwieliczka.pl\/wp-content\/uploads\/2025\/04\/ChatGPT-Image-29-kwi-2025-20_45_59-1200x800.png 1200w, https:\/\/klasztorwieliczka.pl\/wp-content\/uploads\/2025\/04\/ChatGPT-Image-29-kwi-2025-20_45_59.png 1536w\" data-sizes=\"auto\" data-orig-sizes=\"(max-width: 1024px) 100vw, (max-width: 640px) 100vw, 600px\" \/><\/a><\/span><\/div><\/div><\/div><div class=\"fusion-layout-column fusion_builder_column fusion-builder-column-16 fusion_builder_column_1_3 1_3 fusion-flex-column fusion-flex-align-self-stretch\" style=\"--awb-padding-top:20px;--awb-padding-right:20%;--awb-padding-bottom:20px;--awb-padding-left:20%;--awb-padding-right-medium:20px;--awb-padding-left-medium:20px;--awb-bg-color:#fcfcfc;--awb-bg-color-hover:rgba(247,247,247,1);--awb-bg-size:cover;--awb-width-large:33.333333333333%;--awb-margin-top-large:0px;--awb-spacing-right-large:0px;--awb-margin-bottom-large:0px;--awb-spacing-left-large:0px;--awb-width-medium:50%;--awb-order-medium:2;--awb-spacing-right-medium:0px;--awb-spacing-left-medium:0px;--awb-width-small:100%;--awb-order-small:1;--awb-spacing-right-small:0px;--awb-margin-bottom-small:80px;--awb-spacing-left-small:0px;\"><div class=\"fusion-column-wrapper fusion-column-has-shadow fusion-flex-justify-content-center fusion-content-layout-column\"><div class=\"fusion-title title fusion-title-8 fusion-title-center fusion-title-text fusion-title-size-four\" style=\"--awb-text-color:#141617;--awb-font-size:24px;\"><div class=\"title-sep-container title-sep-container-left\"><div class=\"title-sep sep- sep-solid\" style=\"border-color:var(--awb-color3);\"><\/div><\/div><span class=\"awb-title-spacer\"><\/span><h4 class=\"fusion-title-heading title-heading-center fusion-responsive-typography-calculated\" style=\"font-family:&quot;Lora&quot;;font-style:normal;font-weight:400;margin:0;font-size:1em;letter-spacing:-0.015em;text-transform:capitalize;--fontSize:24;line-height:1.5;\">Warsztaty muzyki liturgicznej<\/h4><span class=\"awb-title-spacer\"><\/span><div class=\"title-sep-container title-sep-container-right\"><div class=\"title-sep sep- sep-solid\" style=\"border-color:var(--awb-color3);\"><\/div><\/div><\/div><div class=\"fusion-text fusion-text-12 fusion-text-no-margin\" style=\"--awb-content-alignment:center;--awb-font-size:17px;--awb-line-height:1.8;--awb-letter-spacing:-0.015em;--awb-text-transform:var(--awb-typography4-text-transform);--awb-text-color:#141617;--awb-margin-bottom:40px;--awb-text-font-family:&quot;Lora&quot;;--awb-text-font-style:normal;--awb-text-font-weight:400;\"><p><b>13\u201315.06.2025<\/b><\/p>\n<\/div><div style=\"text-align:center;\"><a class=\"fusion-button button-flat fusion-button-default-size button-custom fusion-button-default button-9 fusion-button-default-span fusion-button-default-type\" style=\"--button_accent_color:#111111;--button_border_color:#0096bc;--button_accent_hover_color:#fcfcfc;--button_border_hover_color:#f99a2c;--button_border_width-top:2px;--button_border_width-right:2px;--button_border_width-bottom:2px;--button_border_width-left:2px;--button-border-radius-top-left:0;--button-border-radius-top-right:0;--button-border-radius-bottom-right:0;--button-border-radius-bottom-left:0;--button_gradient_top_color:rgba(0,151,189,0);--button_gradient_bottom_color:rgba(0,151,189,0);--button_gradient_top_color_hover:#f99a2c;--button_gradient_bottom_color_hover:#f99a2c;--button_text_transform:uppercase;--button_font_size:14px;--button_line_height:1.5;--button_typography-letter-spacing:-0.015em;--button_typography-font-family:&quot;Plus Jakarta Sans&quot;;--button_typography-font-style:normal;--button_typography-font-weight:500;width:calc(100%);\" target=\"_self\" href=\"https:\/\/klasztorwieliczka.pl\/index.php\/warsztaty\/\"><span class=\"fusion-button-text\">Wi\u0119cej Informacji\/ zapisy<\/span><\/a><\/div><\/div><\/div><div class=\"fusion-layout-column fusion_builder_column fusion-builder-column-17 fusion_builder_column_1_3 1_3 fusion-flex-column\" style=\"--awb-bg-size:cover;--awb-width-large:33.333333333333%;--awb-margin-top-large:0px;--awb-spacing-right-large:0px;--awb-margin-bottom-large:0px;--awb-spacing-left-large:0px;--awb-width-medium:50%;--awb-order-medium:4;--awb-spacing-right-medium:0px;--awb-spacing-left-medium:0px;--awb-width-small:100%;--awb-order-small:4;--awb-spacing-right-small:0px;--awb-margin-bottom-small:60px;--awb-spacing-left-small:0px;\"><div class=\"fusion-column-wrapper fusion-column-has-shadow fusion-flex-justify-content-flex-start fusion-content-layout-column\"><div class=\"fusion-image-element \" style=\"--awb-aspect-ratio: 100 \/ 90;--awb-object-position:0% 52%;--awb-caption-title-font-family:var(--h2_typography-font-family);--awb-caption-title-font-weight:var(--h2_typography-font-weight);--awb-caption-title-font-style:var(--h2_typography-font-style);--awb-caption-title-size:var(--h2_typography-font-size);--awb-caption-title-transform:var(--h2_typography-text-transform);--awb-caption-title-line-height:var(--h2_typography-line-height);--awb-caption-title-letter-spacing:var(--h2_typography-letter-spacing);\"><span class=\" fusion-imageframe imageframe-none imageframe-10 hover-type-none has-aspect-ratio\"><a class=\"fusion-no-lightbox\" href=\"#\" target=\"_self\" aria-label=\"min\"><img decoding=\"async\" width=\"927\" height=\"610\" src=\"https:\/\/klasztorwieliczka.pl\/wp-content\/uploads\/2025\/04\/min.jpg\" data-orig-src=\"https:\/\/klasztorwieliczka.pl\/wp-content\/uploads\/2025\/04\/min.jpg\" class=\"lazyload img-responsive wp-image-2123 img-with-aspect-ratio\" alt srcset=\"data:image\/svg+xml,%3Csvg%20xmlns%3D%27http%3A%2F%2Fwww.w3.org%2F2000%2Fsvg%27%20width%3D%27927%27%20height%3D%27610%27%20viewBox%3D%270%200%20927%20610%27%3E%3Crect%20width%3D%27927%27%20height%3D%27610%27%20fill-opacity%3D%220%22%2F%3E%3C%2Fsvg%3E\" data-srcset=\"https:\/\/klasztorwieliczka.pl\/wp-content\/uploads\/2025\/04\/min-200x132.jpg 200w, https:\/\/klasztorwieliczka.pl\/wp-content\/uploads\/2025\/04\/min-400x263.jpg 400w, https:\/\/klasztorwieliczka.pl\/wp-content\/uploads\/2025\/04\/min-600x395.jpg 600w, https:\/\/klasztorwieliczka.pl\/wp-content\/uploads\/2025\/04\/min-800x526.jpg 800w, https:\/\/klasztorwieliczka.pl\/wp-content\/uploads\/2025\/04\/min.jpg 927w\" data-sizes=\"auto\" data-orig-sizes=\"(max-width: 1024px) 100vw, (max-width: 640px) 100vw, 600px\" \/><\/a><\/span><\/div><\/div><\/div><div class=\"fusion-layout-column fusion_builder_column fusion-builder-column-18 fusion_builder_column_1_3 1_3 fusion-flex-column fusion-flex-align-self-stretch\" style=\"--awb-padding-top:20px;--awb-padding-right:20%;--awb-padding-bottom:20px;--awb-padding-left:20%;--awb-padding-right-medium:20px;--awb-padding-left-medium:20px;--awb-bg-color:#fcfcfc;--awb-bg-color-hover:rgba(247,247,247,1);--awb-bg-size:cover;--awb-width-large:33.333333333333%;--awb-margin-top-large:0px;--awb-spacing-right-large:0px;--awb-margin-bottom-large:0px;--awb-spacing-left-large:0px;--awb-width-medium:50%;--awb-order-medium:6;--awb-spacing-right-medium:0px;--awb-spacing-left-medium:0px;--awb-width-small:100%;--awb-order-small:3;--awb-spacing-right-small:0px;--awb-margin-bottom-small:80px;--awb-spacing-left-small:0px;\"><div class=\"fusion-column-wrapper fusion-column-has-shadow fusion-flex-justify-content-center fusion-content-layout-column\"><div class=\"fusion-title title fusion-title-9 fusion-title-center fusion-title-text fusion-title-size-four\" style=\"--awb-text-color:#141617;--awb-font-size:24px;\"><div class=\"title-sep-container title-sep-container-left\"><div class=\"title-sep sep- sep-solid\" style=\"border-color:var(--awb-color3);\"><\/div><\/div><span class=\"awb-title-spacer\"><\/span><h4 class=\"fusion-title-heading title-heading-center fusion-responsive-typography-calculated\" style=\"font-family:&quot;Lora&quot;;font-style:normal;font-weight:400;margin:0;font-size:1em;letter-spacing:-0.015em;text-transform:capitalize;--fontSize:24;line-height:1.5;\">\u015awi\u0119to Namiot\u00f3w<\/h4><span class=\"awb-title-spacer\"><\/span><div class=\"title-sep-container title-sep-container-right\"><div class=\"title-sep sep- sep-solid\" style=\"border-color:var(--awb-color3);\"><\/div><\/div><\/div><div class=\"fusion-text fusion-text-13 fusion-text-no-margin\" style=\"--awb-content-alignment:center;--awb-font-size:17px;--awb-line-height:1.8;--awb-letter-spacing:-0.015em;--awb-text-transform:var(--awb-typography4-text-transform);--awb-text-color:#141617;--awb-margin-bottom:40px;--awb-text-font-family:&quot;Lora&quot;;--awb-text-font-style:normal;--awb-text-font-weight:400;\"><p>Uroczysty odpust Porcjum Kuli<\/p>\n<p><strong>2.08.2025 r.<\/strong><\/p>\n<\/div><\/div><\/div><\/div><\/div><\/p>\n","protected":false},"excerpt":{"rendered":"","protected":false},"author":4,"featured_media":0,"parent":0,"menu_order":0,"comment_status":"closed","ping_status":"closed","template":"100-width.php","meta":{"footnotes":""},"class_list":["post-2066","page","type-page","status-publish","hentry"],"_links":{"self":[{"href":"https:\/\/klasztorwieliczka.pl\/index.php\/wp-json\/wp\/v2\/pages\/2066","targetHints":{"allow":["GET"]}}],"collection":[{"href":"https:\/\/klasztorwieliczka.pl\/index.php\/wp-json\/wp\/v2\/pages"}],"about":[{"href":"https:\/\/klasztorwieliczka.pl\/index.php\/wp-json\/wp\/v2\/types\/page"}],"author":[{"embeddable":true,"href":"https:\/\/klasztorwieliczka.pl\/index.php\/wp-json\/wp\/v2\/users\/4"}],"replies":[{"embeddable":true,"href":"https:\/\/klasztorwieliczka.pl\/index.php\/wp-json\/wp\/v2\/comments?post=2066"}],"version-history":[{"count":40,"href":"https:\/\/klasztorwieliczka.pl\/index.php\/wp-json\/wp\/v2\/pages\/2066\/revisions"}],"predecessor-version":[{"id":2426,"href":"https:\/\/klasztorwieliczka.pl\/index.php\/wp-json\/wp\/v2\/pages\/2066\/revisions\/2426"}],"wp:attachment":[{"href":"https:\/\/klasztorwieliczka.pl\/index.php\/wp-json\/wp\/v2\/media?parent=2066"}],"curies":[{"name":"wp","href":"https:\/\/api.w.org\/{rel}","templated":true}]}}