{"id":2197,"date":"2025-05-02T12:59:58","date_gmt":"2025-05-02T12:59:58","guid":{"rendered":"https:\/\/klasztorwieliczka.pl\/?page_id=2197"},"modified":"2025-05-04T12:49:08","modified_gmt":"2025-05-04T12:49:08","slug":"kalendarium-jubileuszu-alternatywna","status":"publish","type":"page","link":"https:\/\/klasztorwieliczka.pl\/index.php\/kalendarium-jubileuszu-alternatywna\/","title":{"rendered":"Kalendarium Jubileuszu alternatywna"},"content":{"rendered":"<p><div class=\"fusion-fullwidth fullwidth-box fusion-builder-row-1 fusion-flex-container hundred-percent-fullwidth non-hundred-percent-height-scrolling\" style=\"--awb-border-radius-top-left:0px;--awb-border-radius-top-right:0px;--awb-border-radius-bottom-right:0px;--awb-border-radius-bottom-left:0px;--awb-padding-top:0px;--awb-padding-right:0px;--awb-padding-bottom:0px;--awb-padding-left:0px;--awb-flex-wrap:wrap;\" ><div class=\"fusion-builder-row fusion-row fusion-flex-align-items-flex-start fusion-flex-content-wrap\" style=\"width:calc( 100% + 0px ) !important;max-width:calc( 100% + 0px ) !important;margin-left: calc(-0px \/ 2 );margin-right: calc(-0px \/ 2 );\"><div class=\"fusion-layout-column fusion_builder_column fusion-builder-column-0 fusion_builder_column_1_1 1_1 fusion-flex-column\" style=\"--awb-bg-size:cover;--awb-width-large:100%;--awb-margin-top-large:0px;--awb-spacing-right-large:0px;--awb-margin-bottom-large:0px;--awb-spacing-left-large:0px;--awb-width-medium:100%;--awb-order-medium:0;--awb-spacing-right-medium:0px;--awb-spacing-left-medium:0px;--awb-width-small:100%;--awb-order-small:0;--awb-spacing-right-small:0px;--awb-spacing-left-small:0px;\"><div class=\"fusion-column-wrapper fusion-column-has-shadow fusion-flex-justify-content-flex-start fusion-content-layout-column\"><div class=\"fusion-text fusion-text-1\" style=\"--awb-font-size:17px;--awb-text-color:var(--awb-color7);--awb-text-font-family:&quot;Lora&quot;;--awb-text-font-style:normal;--awb-text-font-weight:400;\"><p style=\"text-align: center;\">W 2025 roku obchodzimy niezwyk\u0142y jubileusz \u2013 400-lecie obecno\u015bci franciszkan\u00f3w w Wieliczce. To czas wdzi\u0119czno\u015bci, rado\u015bci i wsp\u00f3lnotowego \u015bwi\u0119towania. Z tej okazji przygotowali\u015bmy bogaty program wydarze\u0144 duchowych, kulturalnych i integracyjnych.<\/p>\n<p style=\"text-align: center;\">Serdecznie zapraszamy wszystkich parafian, mieszka\u0144c\u00f3w Wieliczki oraz go\u015bci do udzia\u0142u w jubileuszowych uroczysto\u015bciach!<\/p>\n<\/div><\/div><\/div><div class=\"fusion-layout-column fusion_builder_column fusion-builder-column-1 fusion_builder_column_1_3 1_3 fusion-flex-column\" style=\"--awb-bg-size:cover;--awb-width-large:33.333333333333%;--awb-margin-top-large:0px;--awb-spacing-right-large:0px;--awb-margin-bottom-large:0px;--awb-spacing-left-large:0px;--awb-width-medium:50%;--awb-order-medium:1;--awb-spacing-right-medium:0px;--awb-spacing-left-medium:0px;--awb-width-small:100%;--awb-order-small:0;--awb-spacing-right-small:0px;--awb-margin-bottom-small:60px;--awb-spacing-left-small:0px;\"><div class=\"fusion-column-wrapper fusion-column-has-shadow fusion-flex-justify-content-flex-start fusion-content-layout-column\"><div class=\"fusion-image-element \" style=\"--awb-aspect-ratio: 100 \/ 90;--awb-object-position:0% 50%;--awb-caption-title-font-family:var(--h2_typography-font-family);--awb-caption-title-font-weight:var(--h2_typography-font-weight);--awb-caption-title-font-style:var(--h2_typography-font-style);--awb-caption-title-size:var(--h2_typography-font-size);--awb-caption-title-transform:var(--h2_typography-text-transform);--awb-caption-title-line-height:var(--h2_typography-line-height);--awb-caption-title-letter-spacing:var(--h2_typography-letter-spacing);\"><span class=\" fusion-imageframe imageframe-none imageframe-1 hover-type-none has-aspect-ratio\"><a class=\"fusion-no-lightbox\" href=\"#\" target=\"_self\" aria-label=\"obr33\"><img decoding=\"async\" width=\"448\" height=\"274\" src=\"https:\/\/klasztorwieliczka.pl\/wp-content\/uploads\/2025\/04\/obr33.jpg\" data-orig-src=\"https:\/\/klasztorwieliczka.pl\/wp-content\/uploads\/2025\/04\/obr33.jpg\" class=\"lazyload img-responsive wp-image-2108 img-with-aspect-ratio\" alt srcset=\"data:image\/svg+xml,%3Csvg%20xmlns%3D%27http%3A%2F%2Fwww.w3.org%2F2000%2Fsvg%27%20width%3D%27448%27%20height%3D%27274%27%20viewBox%3D%270%200%20448%20274%27%3E%3Crect%20width%3D%27448%27%20height%3D%27274%27%20fill-opacity%3D%220%22%2F%3E%3C%2Fsvg%3E\" data-srcset=\"https:\/\/klasztorwieliczka.pl\/wp-content\/uploads\/2025\/04\/obr33-200x122.jpg 200w, https:\/\/klasztorwieliczka.pl\/wp-content\/uploads\/2025\/04\/obr33-400x245.jpg 400w, https:\/\/klasztorwieliczka.pl\/wp-content\/uploads\/2025\/04\/obr33.jpg 448w\" data-sizes=\"auto\" data-orig-sizes=\"(max-width: 1024px) 100vw, (max-width: 640px) 100vw, 448px\" \/><\/a><\/span><\/div><div class=\"fusion-title title fusion-title-1 fusion-title-center fusion-title-text fusion-title-size-four\" style=\"--awb-text-color:#141617;--awb-font-size:24px;\"><div class=\"title-sep-container title-sep-container-left\"><div class=\"title-sep sep- sep-solid\" style=\"border-color:var(--awb-color3);\"><\/div><\/div><span class=\"awb-title-spacer\"><\/span><h4 class=\"fusion-title-heading title-heading-center fusion-responsive-typography-calculated\" style=\"font-family:&quot;Lora&quot;;font-style:normal;font-weight:400;margin:0;font-size:1em;letter-spacing:-0.015em;text-transform:capitalize;--fontSize:24;line-height:1.5;\">Rekolekcje Oddanie 33<\/h4><span class=\"awb-title-spacer\"><\/span><div class=\"title-sep-container title-sep-container-right\"><div class=\"title-sep sep- sep-solid\" style=\"border-color:var(--awb-color3);\"><\/div><\/div><\/div><div class=\"fusion-text fusion-text-2 fusion-text-no-margin\" style=\"--awb-content-alignment:center;--awb-font-size:17px;--awb-line-height:1.8;--awb-letter-spacing:-0.015em;--awb-text-transform:var(--awb-typography4-text-transform);--awb-text-color:#141617;--awb-margin-bottom:40px;--awb-text-font-family:&quot;Lora&quot;;--awb-text-font-style:normal;--awb-text-font-weight:400;\"><p><strong>Rozpocz\u0119cie 11.05.2025r.<\/strong><\/p>\n<\/div><div style=\"text-align:center;\"><a class=\"fusion-button button-flat fusion-button-default-size button-custom fusion-button-default button-1 fusion-button-default-span fusion-button-default-type\" style=\"--button_accent_color:#111111;--button_border_color:#0096bc;--button_accent_hover_color:#fcfcfc;--button_border_hover_color:#f99a2c;--button_border_width-top:2px;--button_border_width-right:2px;--button_border_width-bottom:2px;--button_border_width-left:2px;--button-border-radius-top-left:0;--button-border-radius-top-right:0;--button-border-radius-bottom-right:0;--button-border-radius-bottom-left:0;--button_gradient_top_color:rgba(0,151,189,0);--button_gradient_bottom_color:rgba(0,151,189,0);--button_gradient_top_color_hover:#f99a2c;--button_gradient_bottom_color_hover:#f99a2c;--button_text_transform:uppercase;--button_font_size:14px;--button_line_height:1.5;--button_typography-letter-spacing:-0.015em;--button_typography-font-family:&quot;Plus Jakarta Sans&quot;;--button_typography-font-style:normal;--button_typography-font-weight:500;width:calc(100%);\" target=\"_self\" href=\"https:\/\/klasztorwieliczka.pl\/index.php\/oddanie33\/\"><span class=\"fusion-button-text\">dowiedz si\u0119 wi\u0119cej<\/span><\/a><\/div><\/div><\/div><div class=\"fusion-layout-column fusion_builder_column fusion-builder-column-2 fusion_builder_column_1_3 1_3 fusion-flex-column fusion-flex-align-self-stretch\" style=\"--awb-padding-top:20px;--awb-padding-right:20%;--awb-padding-bottom:20px;--awb-padding-left:20%;--awb-padding-right-medium:20px;--awb-padding-left-medium:20px;--awb-bg-color:#fcfcfc;--awb-bg-color-hover:rgba(247,247,247,1);--awb-bg-size:cover;--awb-width-large:33.333333333333%;--awb-margin-top-large:0px;--awb-spacing-right-large:0px;--awb-margin-bottom-large:0px;--awb-spacing-left-large:0px;--awb-width-medium:50%;--awb-order-medium:3;--awb-spacing-right-medium:0px;--awb-spacing-left-medium:0px;--awb-width-small:100%;--awb-order-small:0;--awb-spacing-right-small:0px;--awb-margin-bottom-small:80px;--awb-spacing-left-small:0px;\"><div class=\"fusion-column-wrapper fusion-column-has-shadow fusion-flex-justify-content-center fusion-content-layout-column\"><div class=\"fusion-title title fusion-title-2 fusion-title-center fusion-title-text fusion-title-size-four\" style=\"--awb-text-color:#141617;--awb-font-size:24px;\"><div class=\"title-sep-container title-sep-container-left\"><div class=\"title-sep sep- sep-solid\" style=\"border-color:var(--awb-color3);\"><\/div><\/div><span class=\"awb-title-spacer\"><\/span><h4 class=\"fusion-title-heading title-heading-center fusion-responsive-typography-calculated\" style=\"font-family:&quot;Lora&quot;;font-style:normal;font-weight:400;margin:0;font-size:1em;letter-spacing:-0.015em;text-transform:capitalize;--fontSize:24;line-height:1.5;\">3 dniowe rekolekcje<\/h4><span class=\"awb-title-spacer\"><\/span><div class=\"title-sep-container title-sep-container-right\"><div class=\"title-sep sep- sep-solid\" style=\"border-color:var(--awb-color3);\"><\/div><\/div><\/div><div class=\"fusion-text fusion-text-3 fusion-text-no-margin\" style=\"--awb-content-alignment:center;--awb-font-size:17px;--awb-line-height:1.8;--awb-letter-spacing:-0.015em;--awb-text-transform:var(--awb-typography4-text-transform);--awb-text-color:#141617;--awb-margin-bottom:40px;--awb-text-font-family:&quot;Lora&quot;;--awb-text-font-style:normal;--awb-text-font-weight:400;\"><p><strong>6\u20138 czerwca 2025 <\/strong><\/p>\n<p>Rekolekcje przygotowuj\u0105ce parafian do Jubileuszu<\/p>\n<\/div><div class=\"fusion-image-element \" style=\"--awb-aspect-ratio: 100 \/ 90;--awb-object-position:48% 46%;--awb-caption-title-font-family:var(--h2_typography-font-family);--awb-caption-title-font-weight:var(--h2_typography-font-weight);--awb-caption-title-font-style:var(--h2_typography-font-style);--awb-caption-title-size:var(--h2_typography-font-size);--awb-caption-title-transform:var(--h2_typography-text-transform);--awb-caption-title-line-height:var(--h2_typography-line-height);--awb-caption-title-letter-spacing:var(--h2_typography-letter-spacing);\"><span class=\" fusion-imageframe imageframe-none imageframe-2 hover-type-none has-aspect-ratio\"><a class=\"fusion-no-lightbox\" href=\"#\" target=\"_self\" aria-label=\"fot. Wojciech Radek WM Krak\u00f3w_4\"><img decoding=\"async\" width=\"1707\" height=\"2560\" src=\"https:\/\/klasztorwieliczka.pl\/wp-content\/uploads\/2025\/04\/fot.-Wojciech-Radek-WM-Krakow_4-scaled.jpg\" data-orig-src=\"https:\/\/klasztorwieliczka.pl\/wp-content\/uploads\/2025\/04\/fot.-Wojciech-Radek-WM-Krakow_4-scaled.jpg\" class=\"lazyload img-responsive wp-image-2101 img-with-aspect-ratio\" alt srcset=\"data:image\/svg+xml,%3Csvg%20xmlns%3D%27http%3A%2F%2Fwww.w3.org%2F2000%2Fsvg%27%20width%3D%271707%27%20height%3D%272560%27%20viewBox%3D%270%200%201707%202560%27%3E%3Crect%20width%3D%271707%27%20height%3D%272560%27%20fill-opacity%3D%220%22%2F%3E%3C%2Fsvg%3E\" data-srcset=\"https:\/\/klasztorwieliczka.pl\/wp-content\/uploads\/2025\/04\/fot.-Wojciech-Radek-WM-Krakow_4-200x300.jpg 200w, https:\/\/klasztorwieliczka.pl\/wp-content\/uploads\/2025\/04\/fot.-Wojciech-Radek-WM-Krakow_4-400x600.jpg 400w, https:\/\/klasztorwieliczka.pl\/wp-content\/uploads\/2025\/04\/fot.-Wojciech-Radek-WM-Krakow_4-600x900.jpg 600w, https:\/\/klasztorwieliczka.pl\/wp-content\/uploads\/2025\/04\/fot.-Wojciech-Radek-WM-Krakow_4-800x1200.jpg 800w, https:\/\/klasztorwieliczka.pl\/wp-content\/uploads\/2025\/04\/fot.-Wojciech-Radek-WM-Krakow_4-1200x1800.jpg 1200w, https:\/\/klasztorwieliczka.pl\/wp-content\/uploads\/2025\/04\/fot.-Wojciech-Radek-WM-Krakow_4-scaled.jpg 1707w\" data-sizes=\"auto\" data-orig-sizes=\"(max-width: 1024px) 100vw, (max-width: 640px) 100vw, 400px\" \/><\/a><\/span><\/div><div style=\"text-align:center;\"><a class=\"fusion-button button-flat fusion-button-default-size button-custom fusion-button-default button-2 fusion-button-default-span fusion-button-default-type\" style=\"--button_accent_color:#111111;--button_border_color:#0096bc;--button_accent_hover_color:#fcfcfc;--button_border_hover_color:#f99a2c;--button_border_width-top:2px;--button_border_width-right:2px;--button_border_width-bottom:2px;--button_border_width-left:2px;--button-border-radius-top-left:0;--button-border-radius-top-right:0;--button-border-radius-bottom-right:0;--button-border-radius-bottom-left:0;--button_gradient_top_color:rgba(0,151,189,0);--button_gradient_bottom_color:rgba(0,151,189,0);--button_gradient_top_color_hover:#f99a2c;--button_gradient_bottom_color_hover:#f99a2c;--button_text_transform:uppercase;--button_font_size:14px;--button_line_height:1.5;--button_typography-letter-spacing:-0.015em;--button_typography-font-family:&quot;Plus Jakarta Sans&quot;;--button_typography-font-style:normal;--button_typography-font-weight:500;width:calc(100%);\" target=\"_self\" href=\"#\"><span class=\"fusion-button-text\">Informacje wkr\u00f3tce<\/span><\/a><\/div><\/div><\/div><div class=\"fusion-layout-column fusion_builder_column fusion-builder-column-3 fusion_builder_column_1_3 1_3 fusion-flex-column\" style=\"--awb-bg-size:cover;--awb-width-large:33.333333333333%;--awb-margin-top-large:0px;--awb-spacing-right-large:0px;--awb-margin-bottom-large:0px;--awb-spacing-left-large:0px;--awb-width-medium:50%;--awb-order-medium:5;--awb-spacing-right-medium:0px;--awb-spacing-left-medium:0px;--awb-width-small:100%;--awb-order-small:0;--awb-spacing-right-small:0px;--awb-margin-bottom-small:60px;--awb-spacing-left-small:0px;\"><div class=\"fusion-column-wrapper fusion-column-has-shadow fusion-flex-justify-content-flex-start fusion-content-layout-column\"><div class=\"fusion-image-element \" style=\"--awb-aspect-ratio: 100 \/ 90;--awb-object-position:100% 50%;--awb-caption-title-font-family:var(--h2_typography-font-family);--awb-caption-title-font-weight:var(--h2_typography-font-weight);--awb-caption-title-font-style:var(--h2_typography-font-style);--awb-caption-title-size:var(--h2_typography-font-size);--awb-caption-title-transform:var(--h2_typography-text-transform);--awb-caption-title-line-height:var(--h2_typography-line-height);--awb-caption-title-letter-spacing:var(--h2_typography-letter-spacing);\"><span class=\" fusion-imageframe imageframe-none imageframe-3 hover-type-none has-aspect-ratio\"><a class=\"fusion-no-lightbox\" href=\"#\" target=\"_self\" aria-label=\"03739dc010c7351a7786f7591f7e2286\"><img decoding=\"async\" width=\"856\" height=\"550\" src=\"https:\/\/klasztorwieliczka.pl\/wp-content\/uploads\/2025\/04\/03739dc010c7351a7786f7591f7e2286.webp\" data-orig-src=\"https:\/\/klasztorwieliczka.pl\/wp-content\/uploads\/2025\/04\/03739dc010c7351a7786f7591f7e2286.webp\" class=\"lazyload img-responsive wp-image-2113 img-with-aspect-ratio\" alt srcset=\"data:image\/svg+xml,%3Csvg%20xmlns%3D%27http%3A%2F%2Fwww.w3.org%2F2000%2Fsvg%27%20width%3D%27856%27%20height%3D%27550%27%20viewBox%3D%270%200%20856%20550%27%3E%3Crect%20width%3D%27856%27%20height%3D%27550%27%20fill-opacity%3D%220%22%2F%3E%3C%2Fsvg%3E\" data-srcset=\"https:\/\/klasztorwieliczka.pl\/wp-content\/uploads\/2025\/04\/03739dc010c7351a7786f7591f7e2286-200x129.webp 200w, https:\/\/klasztorwieliczka.pl\/wp-content\/uploads\/2025\/04\/03739dc010c7351a7786f7591f7e2286-300x193.webp 300w, https:\/\/klasztorwieliczka.pl\/wp-content\/uploads\/2025\/04\/03739dc010c7351a7786f7591f7e2286-400x257.webp 400w, https:\/\/klasztorwieliczka.pl\/wp-content\/uploads\/2025\/04\/03739dc010c7351a7786f7591f7e2286-460x295.webp 460w, https:\/\/klasztorwieliczka.pl\/wp-content\/uploads\/2025\/04\/03739dc010c7351a7786f7591f7e2286-600x386.webp 600w, https:\/\/klasztorwieliczka.pl\/wp-content\/uploads\/2025\/04\/03739dc010c7351a7786f7591f7e2286-768x493.webp 768w, https:\/\/klasztorwieliczka.pl\/wp-content\/uploads\/2025\/04\/03739dc010c7351a7786f7591f7e2286-800x514.webp 800w, https:\/\/klasztorwieliczka.pl\/wp-content\/uploads\/2025\/04\/03739dc010c7351a7786f7591f7e2286.webp 856w\" data-sizes=\"auto\" data-orig-sizes=\"(max-width: 1024px) 100vw, (max-width: 640px) 100vw, 600px\" \/><\/a><\/span><\/div><div class=\"fusion-title title fusion-title-3 fusion-title-center fusion-title-text fusion-title-size-four\" style=\"--awb-text-color:#141617;--awb-font-size:24px;\"><div class=\"title-sep-container title-sep-container-left\"><div class=\"title-sep sep- sep-solid\" style=\"border-color:var(--awb-color3);\"><\/div><\/div><span class=\"awb-title-spacer\"><\/span><h4 class=\"fusion-title-heading title-heading-center fusion-responsive-typography-calculated\" style=\"font-family:&quot;Lora&quot;;font-style:normal;font-weight:400;margin:0;font-size:1em;letter-spacing:-0.015em;text-transform:capitalize;--fontSize:24;line-height:1.5;\">Spotkanie w Kopalni Soli<\/h4><span class=\"awb-title-spacer\"><\/span><div class=\"title-sep-container title-sep-container-right\"><div class=\"title-sep sep- sep-solid\" style=\"border-color:var(--awb-color3);\"><\/div><\/div><\/div><div class=\"fusion-text fusion-text-4 fusion-text-no-margin\" style=\"--awb-content-alignment:center;--awb-font-size:17px;--awb-line-height:1.8;--awb-letter-spacing:-0.015em;--awb-text-transform:var(--awb-typography4-text-transform);--awb-text-color:#141617;--awb-margin-bottom:40px;--awb-text-font-family:&quot;Lora&quot;;--awb-text-font-style:normal;--awb-text-font-weight:400;\"><p><span style=\"font-weight: 400;\"><b>14 czerwca 2025<\/b><\/span><\/p>\n<p><span style=\"font-weight: 400;\">Spotkanie\u00a0 w Kopalni Soli w Wieliczce, prezentacja grup parafialnych, debata o przesz\u0142o\u015bci i przysz\u0142o\u015bci.<\/span><\/p>\n<\/div><div style=\"text-align:center;\"><a class=\"fusion-button button-flat fusion-button-default-size button-custom fusion-button-default button-3 fusion-button-default-span fusion-button-default-type\" style=\"--button_accent_color:#111111;--button_border_color:#0096bc;--button_accent_hover_color:#fcfcfc;--button_border_hover_color:#f99a2c;--button_border_width-top:2px;--button_border_width-right:2px;--button_border_width-bottom:2px;--button_border_width-left:2px;--button-border-radius-top-left:0;--button-border-radius-top-right:0;--button-border-radius-bottom-right:0;--button-border-radius-bottom-left:0;--button_gradient_top_color:rgba(0,151,189,0);--button_gradient_bottom_color:rgba(0,151,189,0);--button_gradient_top_color_hover:#f99a2c;--button_gradient_bottom_color_hover:#f99a2c;--button_text_transform:uppercase;--button_font_size:14px;--button_line_height:1.5;--button_typography-letter-spacing:-0.015em;--button_typography-font-family:&quot;Plus Jakarta Sans&quot;;--button_typography-font-style:normal;--button_typography-font-weight:500;width:calc(100%);\" target=\"_self\" href=\"#\"><span class=\"fusion-button-text\">informacje wkr\u00f3tce<\/span><\/a><\/div><\/div><\/div><\/div><\/div><div class=\"fusion-fullwidth fullwidth-box fusion-builder-row-2 fusion-flex-container hundred-percent-fullwidth non-hundred-percent-height-scrolling\" style=\"--awb-border-radius-top-left:0px;--awb-border-radius-top-right:0px;--awb-border-radius-bottom-right:0px;--awb-border-radius-bottom-left:0px;--awb-padding-top:0px;--awb-padding-right:0px;--awb-padding-bottom:0px;--awb-padding-left:0px;--awb-flex-wrap:wrap;\" ><div class=\"fusion-builder-row fusion-row fusion-flex-align-items-flex-start fusion-flex-content-wrap\" style=\"width:calc( 100% + 0px ) !important;max-width:calc( 100% + 0px ) !important;margin-left: calc(-0px \/ 2 );margin-right: calc(-0px \/ 2 );\"><div class=\"fusion-layout-column fusion_builder_column fusion-builder-column-4 fusion_builder_column_1_3 1_3 fusion-flex-column\" style=\"--awb-bg-size:cover;--awb-width-large:33.333333333333%;--awb-margin-top-large:0px;--awb-spacing-right-large:0px;--awb-margin-bottom-large:0px;--awb-spacing-left-large:0px;--awb-width-medium:50%;--awb-order-medium:1;--awb-spacing-right-medium:0px;--awb-spacing-left-medium:0px;--awb-width-small:100%;--awb-order-small:0;--awb-spacing-right-small:0px;--awb-margin-bottom-small:60px;--awb-spacing-left-small:0px;\"><div class=\"fusion-column-wrapper fusion-column-has-shadow fusion-flex-justify-content-flex-start fusion-content-layout-column\"><div class=\"fusion-image-element \" style=\"--awb-aspect-ratio: 100 \/ 90;--awb-object-position:0% 50%;--awb-caption-title-font-family:var(--h2_typography-font-family);--awb-caption-title-font-weight:var(--h2_typography-font-weight);--awb-caption-title-font-style:var(--h2_typography-font-style);--awb-caption-title-size:var(--h2_typography-font-size);--awb-caption-title-transform:var(--h2_typography-text-transform);--awb-caption-title-line-height:var(--h2_typography-line-height);--awb-caption-title-letter-spacing:var(--h2_typography-letter-spacing);\"><span class=\" fusion-imageframe imageframe-none imageframe-4 hover-type-none has-aspect-ratio\"><a class=\"fusion-no-lightbox\" href=\"#\" target=\"_self\" aria-label=\"msza\"><img decoding=\"async\" width=\"512\" height=\"339\" src=\"https:\/\/klasztorwieliczka.pl\/wp-content\/uploads\/2025\/04\/msza.jpg\" data-orig-src=\"https:\/\/klasztorwieliczka.pl\/wp-content\/uploads\/2025\/04\/msza.jpg\" class=\"lazyload img-responsive wp-image-2117 img-with-aspect-ratio\" alt srcset=\"data:image\/svg+xml,%3Csvg%20xmlns%3D%27http%3A%2F%2Fwww.w3.org%2F2000%2Fsvg%27%20width%3D%27512%27%20height%3D%27339%27%20viewBox%3D%270%200%20512%20339%27%3E%3Crect%20width%3D%27512%27%20height%3D%27339%27%20fill-opacity%3D%220%22%2F%3E%3C%2Fsvg%3E\" data-srcset=\"https:\/\/klasztorwieliczka.pl\/wp-content\/uploads\/2025\/04\/msza-200x132.jpg 200w, https:\/\/klasztorwieliczka.pl\/wp-content\/uploads\/2025\/04\/msza-400x265.jpg 400w, https:\/\/klasztorwieliczka.pl\/wp-content\/uploads\/2025\/04\/msza.jpg 512w\" data-sizes=\"auto\" data-orig-sizes=\"(max-width: 1024px) 100vw, (max-width: 640px) 100vw, 512px\" \/><\/a><\/span><\/div><div class=\"fusion-title title fusion-title-4 fusion-title-center fusion-title-text fusion-title-size-four\" style=\"--awb-text-color:#141617;--awb-font-size:24px;\"><div class=\"title-sep-container title-sep-container-left\"><div class=\"title-sep sep- sep-solid\" style=\"border-color:var(--awb-color3);\"><\/div><\/div><span class=\"awb-title-spacer\"><\/span><h4 class=\"fusion-title-heading title-heading-center fusion-responsive-typography-calculated\" style=\"font-family:&quot;Lora&quot;;font-style:normal;font-weight:400;margin:0;font-size:1em;letter-spacing:-0.015em;text-transform:capitalize;--fontSize:24;line-height:1.5;\">Jubileuszowa Msza \u015awi\u0119ta<\/h4><span class=\"awb-title-spacer\"><\/span><div class=\"title-sep-container title-sep-container-right\"><div class=\"title-sep sep- sep-solid\" style=\"border-color:var(--awb-color3);\"><\/div><\/div><\/div><div class=\"fusion-text fusion-text-5 fusion-text-no-margin\" style=\"--awb-content-alignment:center;--awb-font-size:17px;--awb-line-height:1.8;--awb-letter-spacing:-0.015em;--awb-text-transform:var(--awb-typography4-text-transform);--awb-text-color:#141617;--awb-margin-bottom:40px;--awb-text-font-family:&quot;Lora&quot;;--awb-text-font-style:normal;--awb-text-font-weight:400;\"><p><b>15 czerwca 2025 <\/b><\/p>\n<p><b>o godzinie 11.00<\/b><\/p>\n<p>Wyj\u0105tkowa Msza \u015awi\u0119ta w Ogrodach Klasztornych<\/p>\n<\/div><\/div><\/div><div class=\"fusion-layout-column fusion_builder_column fusion-builder-column-5 fusion_builder_column_1_3 1_3 fusion-flex-column fusion-flex-align-self-stretch\" style=\"--awb-padding-top:20px;--awb-padding-right:20%;--awb-padding-bottom:20px;--awb-padding-left:20%;--awb-padding-right-medium:20px;--awb-padding-left-medium:20px;--awb-bg-color:#fcfcfc;--awb-bg-color-hover:rgba(247,247,247,1);--awb-bg-size:cover;--awb-width-large:33.333333333333%;--awb-margin-top-large:0px;--awb-spacing-right-large:0px;--awb-margin-bottom-large:0px;--awb-spacing-left-large:0px;--awb-width-medium:50%;--awb-order-medium:3;--awb-spacing-right-medium:0px;--awb-spacing-left-medium:0px;--awb-width-small:100%;--awb-order-small:0;--awb-spacing-right-small:0px;--awb-margin-bottom-small:80px;--awb-spacing-left-small:0px;\"><div class=\"fusion-column-wrapper fusion-column-has-shadow fusion-flex-justify-content-center fusion-content-layout-column\"><div class=\"fusion-title title fusion-title-5 fusion-title-center fusion-title-text fusion-title-size-four\" style=\"--awb-text-color:#111111;--awb-font-size:24px;\"><div class=\"title-sep-container title-sep-container-left\"><div class=\"title-sep sep- sep-solid\" style=\"border-color:var(--awb-color3);\"><\/div><\/div><span class=\"awb-title-spacer\"><\/span><h4 class=\"fusion-title-heading title-heading-center fusion-responsive-typography-calculated\" style=\"font-family:&quot;Lora&quot;;font-style:normal;font-weight:400;margin:0;font-size:1em;letter-spacing:-0.015em;text-transform:capitalize;--fontSize:24;line-height:1.5;\">Koncert Oratoryjny<\/h4><span class=\"awb-title-spacer\"><\/span><div class=\"title-sep-container title-sep-container-right\"><div class=\"title-sep sep- sep-solid\" style=\"border-color:var(--awb-color3);\"><\/div><\/div><\/div><div class=\"fusion-text fusion-text-6 fusion-text-no-margin\" style=\"--awb-content-alignment:center;--awb-font-size:17px;--awb-line-height:1.8;--awb-letter-spacing:-0.015em;--awb-text-transform:var(--awb-typography4-text-transform);--awb-text-color:#141617;--awb-margin-bottom:40px;--awb-text-font-family:&quot;Lora&quot;;--awb-text-font-style:normal;--awb-text-font-weight:400;\"><p><b>15 czerwca 2025<\/b><\/p>\n<p>Solne Miasto<\/p>\n<\/div><div class=\"fusion-image-element \" style=\"--awb-aspect-ratio: 100 \/ 90;--awb-object-position:0% 52%;--awb-caption-title-font-family:var(--h2_typography-font-family);--awb-caption-title-font-weight:var(--h2_typography-font-weight);--awb-caption-title-font-style:var(--h2_typography-font-style);--awb-caption-title-size:var(--h2_typography-font-size);--awb-caption-title-transform:var(--h2_typography-text-transform);--awb-caption-title-line-height:var(--h2_typography-line-height);--awb-caption-title-letter-spacing:var(--h2_typography-letter-spacing);\"><span class=\" fusion-imageframe imageframe-none imageframe-5 hover-type-none has-aspect-ratio\"><a class=\"fusion-no-lightbox\" href=\"#\" target=\"_self\" aria-label=\"koncerty_oratoryjne-860&#215;485\"><img decoding=\"async\" width=\"860\" height=\"485\" src=\"https:\/\/klasztorwieliczka.pl\/wp-content\/uploads\/2025\/04\/koncerty_oratoryjne-860x485-1.jpg\" data-orig-src=\"https:\/\/klasztorwieliczka.pl\/wp-content\/uploads\/2025\/04\/koncerty_oratoryjne-860x485-1.jpg\" class=\"lazyload img-responsive wp-image-2118 img-with-aspect-ratio\" alt srcset=\"data:image\/svg+xml,%3Csvg%20xmlns%3D%27http%3A%2F%2Fwww.w3.org%2F2000%2Fsvg%27%20width%3D%27860%27%20height%3D%27485%27%20viewBox%3D%270%200%20860%20485%27%3E%3Crect%20width%3D%27860%27%20height%3D%27485%27%20fill-opacity%3D%220%22%2F%3E%3C%2Fsvg%3E\" data-srcset=\"https:\/\/klasztorwieliczka.pl\/wp-content\/uploads\/2025\/04\/koncerty_oratoryjne-860x485-1-200x113.jpg 200w, https:\/\/klasztorwieliczka.pl\/wp-content\/uploads\/2025\/04\/koncerty_oratoryjne-860x485-1-400x226.jpg 400w, https:\/\/klasztorwieliczka.pl\/wp-content\/uploads\/2025\/04\/koncerty_oratoryjne-860x485-1-600x338.jpg 600w, https:\/\/klasztorwieliczka.pl\/wp-content\/uploads\/2025\/04\/koncerty_oratoryjne-860x485-1-800x451.jpg 800w, https:\/\/klasztorwieliczka.pl\/wp-content\/uploads\/2025\/04\/koncerty_oratoryjne-860x485-1.jpg 860w\" data-sizes=\"auto\" data-orig-sizes=\"(max-width: 1024px) 100vw, (max-width: 640px) 100vw, 400px\" \/><\/a><\/span><\/div><div style=\"text-align:center;\"><a class=\"fusion-button button-flat fusion-button-default-size button-custom fusion-button-default button-4 fusion-button-default-span fusion-button-default-type\" style=\"--button_accent_color:#111111;--button_border_color:#0096bc;--button_accent_hover_color:#fcfcfc;--button_border_hover_color:#f99a2c;--button_border_width-top:2px;--button_border_width-right:2px;--button_border_width-bottom:2px;--button_border_width-left:2px;--button-border-radius-top-left:0;--button-border-radius-top-right:0;--button-border-radius-bottom-right:0;--button-border-radius-bottom-left:0;--button_gradient_top_color:rgba(0,151,189,0);--button_gradient_bottom_color:rgba(0,151,189,0);--button_gradient_top_color_hover:#f99a2c;--button_gradient_bottom_color_hover:#f99a2c;--button_text_transform:uppercase;--button_font_size:14px;--button_line_height:1.5;--button_typography-letter-spacing:-0.015em;--button_typography-font-family:&quot;Plus Jakarta Sans&quot;;--button_typography-font-style:normal;--button_typography-font-weight:500;width:calc(100%);\" target=\"_self\" href=\"#\"><span class=\"fusion-button-text\">Informacje wkr\u00f3tce<\/span><\/a><\/div><\/div><\/div><div class=\"fusion-layout-column fusion_builder_column fusion-builder-column-6 fusion_builder_column_1_3 1_3 fusion-flex-column\" style=\"--awb-bg-size:cover;--awb-width-large:33.333333333333%;--awb-margin-top-large:0px;--awb-spacing-right-large:0px;--awb-margin-bottom-large:0px;--awb-spacing-left-large:0px;--awb-width-medium:50%;--awb-order-medium:5;--awb-spacing-right-medium:0px;--awb-spacing-left-medium:0px;--awb-width-small:100%;--awb-order-small:0;--awb-spacing-right-small:0px;--awb-margin-bottom-small:60px;--awb-spacing-left-small:0px;\"><div class=\"fusion-column-wrapper fusion-column-has-shadow fusion-flex-justify-content-flex-start fusion-content-layout-column\"><div class=\"fusion-image-element \" style=\"--awb-aspect-ratio: 100 \/ 90;--awb-object-position:100% 50%;--awb-caption-title-font-family:var(--h2_typography-font-family);--awb-caption-title-font-weight:var(--h2_typography-font-weight);--awb-caption-title-font-style:var(--h2_typography-font-style);--awb-caption-title-size:var(--h2_typography-font-size);--awb-caption-title-transform:var(--h2_typography-text-transform);--awb-caption-title-line-height:var(--h2_typography-line-height);--awb-caption-title-letter-spacing:var(--h2_typography-letter-spacing);\"><span class=\" fusion-imageframe imageframe-none imageframe-6 hover-type-none has-aspect-ratio\"><a class=\"fusion-no-lightbox\" href=\"#\" target=\"_self\" aria-label=\"IMG_0255\"><img decoding=\"async\" width=\"1917\" height=\"1280\" src=\"https:\/\/klasztorwieliczka.pl\/wp-content\/uploads\/2025\/04\/IMG_0255.jpg\" data-orig-src=\"https:\/\/klasztorwieliczka.pl\/wp-content\/uploads\/2025\/04\/IMG_0255.jpg\" class=\"lazyload img-responsive wp-image-1905 img-with-aspect-ratio\" alt srcset=\"data:image\/svg+xml,%3Csvg%20xmlns%3D%27http%3A%2F%2Fwww.w3.org%2F2000%2Fsvg%27%20width%3D%271917%27%20height%3D%271280%27%20viewBox%3D%270%200%201917%201280%27%3E%3Crect%20width%3D%271917%27%20height%3D%271280%27%20fill-opacity%3D%220%22%2F%3E%3C%2Fsvg%3E\" data-srcset=\"https:\/\/klasztorwieliczka.pl\/wp-content\/uploads\/2025\/04\/IMG_0255-200x134.jpg 200w, https:\/\/klasztorwieliczka.pl\/wp-content\/uploads\/2025\/04\/IMG_0255-400x267.jpg 400w, https:\/\/klasztorwieliczka.pl\/wp-content\/uploads\/2025\/04\/IMG_0255-600x401.jpg 600w, https:\/\/klasztorwieliczka.pl\/wp-content\/uploads\/2025\/04\/IMG_0255-800x534.jpg 800w, https:\/\/klasztorwieliczka.pl\/wp-content\/uploads\/2025\/04\/IMG_0255-1200x801.jpg 1200w, https:\/\/klasztorwieliczka.pl\/wp-content\/uploads\/2025\/04\/IMG_0255.jpg 1917w\" data-sizes=\"auto\" data-orig-sizes=\"(max-width: 1024px) 100vw, (max-width: 640px) 100vw, 600px\" \/><\/a><\/span><\/div><div class=\"fusion-title title fusion-title-6 fusion-title-center fusion-title-text fusion-title-size-four\" style=\"--awb-text-color:#141617;--awb-font-size:24px;\"><div class=\"title-sep-container title-sep-container-left\"><div class=\"title-sep sep- sep-solid\" style=\"border-color:var(--awb-color3);\"><\/div><\/div><span class=\"awb-title-spacer\"><\/span><h4 class=\"fusion-title-heading title-heading-center fusion-responsive-typography-calculated\" style=\"font-family:&quot;Lora&quot;;font-style:normal;font-weight:400;margin:0;font-size:1em;letter-spacing:-0.015em;text-transform:capitalize;--fontSize:24;line-height:1.5;\">festyn Franciszka\u0144ski<\/h4><span class=\"awb-title-spacer\"><\/span><div class=\"title-sep-container title-sep-container-right\"><div class=\"title-sep sep- sep-solid\" style=\"border-color:var(--awb-color3);\"><\/div><\/div><\/div><div class=\"fusion-text fusion-text-7 fusion-text-no-margin\" style=\"--awb-content-alignment:center;--awb-font-size:17px;--awb-line-height:1.8;--awb-letter-spacing:-0.015em;--awb-text-transform:var(--awb-typography4-text-transform);--awb-text-color:#141617;--awb-margin-bottom:40px;--awb-text-font-family:&quot;Lora&quot;;--awb-text-font-style:normal;--awb-text-font-weight:400;\"><p><strong>29 czerwca 2025<\/strong><\/p>\n<p><strong>o godzinie 15.00<\/strong><\/p>\n<p>Nie mo\u017ce Was zabrakn\u0105\u0107<\/p>\n<\/div><div style=\"text-align:center;\"><a class=\"fusion-button button-flat fusion-button-default-size button-custom fusion-button-default button-5 fusion-button-default-span fusion-button-default-type\" style=\"--button_accent_color:#111111;--button_border_color:#0096bc;--button_accent_hover_color:#fcfcfc;--button_border_hover_color:#f99a2c;--button_border_width-top:2px;--button_border_width-right:2px;--button_border_width-bottom:2px;--button_border_width-left:2px;--button-border-radius-top-left:0;--button-border-radius-top-right:0;--button-border-radius-bottom-right:0;--button-border-radius-bottom-left:0;--button_gradient_top_color:rgba(0,151,189,0);--button_gradient_bottom_color:rgba(0,151,189,0);--button_gradient_top_color_hover:#f99a2c;--button_gradient_bottom_color_hover:#f99a2c;--button_text_transform:uppercase;--button_font_size:14px;--button_line_height:1.5;--button_typography-letter-spacing:-0.015em;--button_typography-font-family:&quot;Plus Jakarta Sans&quot;;--button_typography-font-style:normal;--button_typography-font-weight:500;width:calc(100%);\" target=\"_self\" href=\"https:\/\/klasztorwieliczka.pl\/index.php\/festyn-franciszkanski\/\"><span class=\"fusion-button-text\">Dowiedz si\u0119 wi\u0119cej<\/span><\/a><\/div><\/div><\/div><\/div><\/div><div class=\"fusion-fullwidth fullwidth-box fusion-builder-row-3 fusion-flex-container hundred-percent-fullwidth non-hundred-percent-height-scrolling\" style=\"--awb-border-radius-top-left:0px;--awb-border-radius-top-right:0px;--awb-border-radius-bottom-right:0px;--awb-border-radius-bottom-left:0px;--awb-padding-top:0px;--awb-padding-right:0px;--awb-padding-bottom:0px;--awb-padding-left:0px;--awb-flex-wrap:wrap;\" ><div class=\"fusion-builder-row fusion-row fusion-flex-align-items-flex-start fusion-flex-content-wrap\" style=\"width:calc( 100% + 0px ) !important;max-width:calc( 100% + 0px ) !important;margin-left: calc(-0px \/ 2 );margin-right: calc(-0px \/ 2 );\"><div class=\"fusion-layout-column fusion_builder_column fusion-builder-column-7 fusion_builder_column_1_3 1_3 fusion-flex-column\" style=\"--awb-bg-size:cover;--awb-width-large:33.333333333333%;--awb-margin-top-large:0px;--awb-spacing-right-large:0px;--awb-margin-bottom-large:0px;--awb-spacing-left-large:0px;--awb-width-medium:50%;--awb-order-medium:1;--awb-spacing-right-medium:0px;--awb-spacing-left-medium:0px;--awb-width-small:100%;--awb-order-small:0;--awb-spacing-right-small:0px;--awb-margin-bottom-small:60px;--awb-spacing-left-small:0px;\"><div class=\"fusion-column-wrapper fusion-column-has-shadow fusion-flex-justify-content-flex-start fusion-content-layout-column\"><div class=\"fusion-image-element \" style=\"--awb-aspect-ratio: 100 \/ 90;--awb-object-position:0% 50%;--awb-caption-title-font-family:var(--h2_typography-font-family);--awb-caption-title-font-weight:var(--h2_typography-font-weight);--awb-caption-title-font-style:var(--h2_typography-font-style);--awb-caption-title-size:var(--h2_typography-font-size);--awb-caption-title-transform:var(--h2_typography-text-transform);--awb-caption-title-line-height:var(--h2_typography-line-height);--awb-caption-title-letter-spacing:var(--h2_typography-letter-spacing);\"><span class=\" fusion-imageframe imageframe-none imageframe-7 hover-type-none has-aspect-ratio\"><a class=\"fusion-no-lightbox\" href=\"#\" target=\"_self\" aria-label=\"Projekt bez nazwy\"><img decoding=\"async\" width=\"2400\" height=\"1599\" src=\"https:\/\/klasztorwieliczka.pl\/wp-content\/uploads\/2025\/04\/Projekt-bez-nazwy.jpg\" data-orig-src=\"https:\/\/klasztorwieliczka.pl\/wp-content\/uploads\/2025\/04\/Projekt-bez-nazwy.jpg\" class=\"lazyload img-responsive wp-image-2045 img-with-aspect-ratio\" alt srcset=\"data:image\/svg+xml,%3Csvg%20xmlns%3D%27http%3A%2F%2Fwww.w3.org%2F2000%2Fsvg%27%20width%3D%272400%27%20height%3D%271599%27%20viewBox%3D%270%200%202400%201599%27%3E%3Crect%20width%3D%272400%27%20height%3D%271599%27%20fill-opacity%3D%220%22%2F%3E%3C%2Fsvg%3E\" data-srcset=\"https:\/\/klasztorwieliczka.pl\/wp-content\/uploads\/2025\/04\/Projekt-bez-nazwy-200x133.jpg 200w, https:\/\/klasztorwieliczka.pl\/wp-content\/uploads\/2025\/04\/Projekt-bez-nazwy-400x267.jpg 400w, https:\/\/klasztorwieliczka.pl\/wp-content\/uploads\/2025\/04\/Projekt-bez-nazwy-600x400.jpg 600w, https:\/\/klasztorwieliczka.pl\/wp-content\/uploads\/2025\/04\/Projekt-bez-nazwy-800x533.jpg 800w, https:\/\/klasztorwieliczka.pl\/wp-content\/uploads\/2025\/04\/Projekt-bez-nazwy-1200x800.jpg 1200w, https:\/\/klasztorwieliczka.pl\/wp-content\/uploads\/2025\/04\/Projekt-bez-nazwy.jpg 2400w\" data-sizes=\"auto\" data-orig-sizes=\"(max-width: 1024px) 100vw, (max-width: 640px) 100vw, 600px\" \/><\/a><\/span><\/div><div class=\"fusion-title title fusion-title-7 fusion-title-center fusion-title-text fusion-title-size-four\" style=\"--awb-text-color:#141617;--awb-font-size:24px;\"><div class=\"title-sep-container title-sep-container-left\"><div class=\"title-sep sep- sep-solid\" style=\"border-color:var(--awb-color3);\"><\/div><\/div><span class=\"awb-title-spacer\"><\/span><h4 class=\"fusion-title-heading title-heading-center fusion-responsive-typography-calculated\" style=\"font-family:&quot;Lora&quot;;font-style:normal;font-weight:400;margin:0;font-size:1em;letter-spacing:-0.015em;text-transform:capitalize;--fontSize:24;line-height:1.5;\">Warsztaty muzyki liturgicznej<\/h4><span class=\"awb-title-spacer\"><\/span><div class=\"title-sep-container title-sep-container-right\"><div class=\"title-sep sep- sep-solid\" style=\"border-color:var(--awb-color3);\"><\/div><\/div><\/div><div class=\"fusion-text fusion-text-8 fusion-text-no-margin\" style=\"--awb-content-alignment:center;--awb-font-size:17px;--awb-line-height:1.8;--awb-letter-spacing:-0.015em;--awb-text-transform:var(--awb-typography4-text-transform);--awb-text-color:#141617;--awb-margin-bottom:40px;--awb-text-font-family:&quot;Lora&quot;;--awb-text-font-style:normal;--awb-text-font-weight:400;\"><p><b>13\u201315 czerwca 2025<\/b><\/p>\n<\/div><div style=\"text-align:center;\"><a class=\"fusion-button button-flat fusion-button-default-size button-custom fusion-button-default button-6 fusion-button-default-span fusion-button-default-type\" style=\"--button_accent_color:#111111;--button_border_color:#0096bc;--button_accent_hover_color:#fcfcfc;--button_border_hover_color:#f99a2c;--button_border_width-top:2px;--button_border_width-right:2px;--button_border_width-bottom:2px;--button_border_width-left:2px;--button-border-radius-top-left:0;--button-border-radius-top-right:0;--button-border-radius-bottom-right:0;--button-border-radius-bottom-left:0;--button_gradient_top_color:rgba(0,151,189,0);--button_gradient_bottom_color:rgba(0,151,189,0);--button_gradient_top_color_hover:#f99a2c;--button_gradient_bottom_color_hover:#f99a2c;--button_text_transform:uppercase;--button_font_size:14px;--button_line_height:1.5;--button_typography-letter-spacing:-0.015em;--button_typography-font-family:&quot;Plus Jakarta Sans&quot;;--button_typography-font-style:normal;--button_typography-font-weight:500;width:calc(100%);\" target=\"_self\" href=\"https:\/\/klasztorwieliczka.pl\/index.php\/warsztaty\/\"><span class=\"fusion-button-text\">Wi\u0119cej Informacji\/ zapisy<\/span><\/a><\/div><\/div><\/div><div class=\"fusion-layout-column fusion_builder_column fusion-builder-column-8 fusion_builder_column_1_3 1_3 fusion-flex-column fusion-flex-align-self-stretch\" style=\"--awb-padding-top:20px;--awb-padding-right:20%;--awb-padding-bottom:20px;--awb-padding-left:20%;--awb-padding-right-medium:20px;--awb-padding-left-medium:20px;--awb-bg-color:#fcfcfc;--awb-bg-color-hover:rgba(247,247,247,1);--awb-bg-size:cover;--awb-width-large:33.333333333333%;--awb-margin-top-large:0px;--awb-spacing-right-large:0px;--awb-margin-bottom-large:0px;--awb-spacing-left-large:0px;--awb-width-medium:50%;--awb-order-medium:3;--awb-spacing-right-medium:0px;--awb-spacing-left-medium:0px;--awb-width-small:100%;--awb-order-small:0;--awb-spacing-right-small:0px;--awb-margin-bottom-small:80px;--awb-spacing-left-small:0px;\"><div class=\"fusion-column-wrapper fusion-column-has-shadow fusion-flex-justify-content-center fusion-content-layout-column\"><div class=\"fusion-title title fusion-title-8 fusion-title-center fusion-title-text fusion-title-size-four\" style=\"--awb-text-color:#141617;--awb-font-size:24px;\"><div class=\"title-sep-container title-sep-container-left\"><div class=\"title-sep sep- sep-solid\" style=\"border-color:var(--awb-color3);\"><\/div><\/div><span class=\"awb-title-spacer\"><\/span><h4 class=\"fusion-title-heading title-heading-center fusion-responsive-typography-calculated\" style=\"font-family:&quot;Lora&quot;;font-style:normal;font-weight:400;margin:0;font-size:1em;letter-spacing:-0.015em;text-transform:capitalize;--fontSize:24;line-height:1.5;\">Wystawa w Muzeum \u017bup\u00a0 Krakowskich<\/h4><span class=\"awb-title-spacer\"><\/span><div class=\"title-sep-container title-sep-container-right\"><div class=\"title-sep sep- sep-solid\" style=\"border-color:var(--awb-color3);\"><\/div><\/div><\/div><div class=\"fusion-text fusion-text-9 fusion-text-no-margin\" style=\"--awb-content-alignment:center;--awb-font-size:17px;--awb-line-height:1.8;--awb-letter-spacing:-0.015em;--awb-text-transform:var(--awb-typography4-text-transform);--awb-text-color:#141617;--awb-margin-bottom:40px;--awb-text-font-family:&quot;Lora&quot;;--awb-text-font-style:normal;--awb-text-font-weight:400;\"><p><strong>Lipiec 2025<\/strong><\/p>\n<p><span style=\"font-weight: 400;\">Wystawa po\u015bwi\u0119cona historii obecno\u015bci franciszkan\u00f3w w Wieliczce &#8211; nieznane dot\u0105d fakty<\/span><\/p>\n<p>&nbsp;<\/p>\n<\/div><div class=\"fusion-image-element \" style=\"--awb-aspect-ratio: 100 \/ 90;--awb-object-position:0% 52%;--awb-caption-title-font-family:var(--h2_typography-font-family);--awb-caption-title-font-weight:var(--h2_typography-font-weight);--awb-caption-title-font-style:var(--h2_typography-font-style);--awb-caption-title-size:var(--h2_typography-font-size);--awb-caption-title-transform:var(--h2_typography-text-transform);--awb-caption-title-line-height:var(--h2_typography-line-height);--awb-caption-title-letter-spacing:var(--h2_typography-letter-spacing);\"><span class=\" fusion-imageframe imageframe-none imageframe-8 hover-type-none has-aspect-ratio\"><a class=\"fusion-no-lightbox\" href=\"#\" target=\"_self\" aria-label=\"min\"><img decoding=\"async\" width=\"927\" height=\"610\" src=\"https:\/\/klasztorwieliczka.pl\/wp-content\/uploads\/2025\/04\/min.jpg\" data-orig-src=\"https:\/\/klasztorwieliczka.pl\/wp-content\/uploads\/2025\/04\/min.jpg\" class=\"lazyload img-responsive wp-image-2123 img-with-aspect-ratio\" alt srcset=\"data:image\/svg+xml,%3Csvg%20xmlns%3D%27http%3A%2F%2Fwww.w3.org%2F2000%2Fsvg%27%20width%3D%27927%27%20height%3D%27610%27%20viewBox%3D%270%200%20927%20610%27%3E%3Crect%20width%3D%27927%27%20height%3D%27610%27%20fill-opacity%3D%220%22%2F%3E%3C%2Fsvg%3E\" data-srcset=\"https:\/\/klasztorwieliczka.pl\/wp-content\/uploads\/2025\/04\/min-200x132.jpg 200w, https:\/\/klasztorwieliczka.pl\/wp-content\/uploads\/2025\/04\/min-400x263.jpg 400w, https:\/\/klasztorwieliczka.pl\/wp-content\/uploads\/2025\/04\/min-600x395.jpg 600w, https:\/\/klasztorwieliczka.pl\/wp-content\/uploads\/2025\/04\/min-800x526.jpg 800w, https:\/\/klasztorwieliczka.pl\/wp-content\/uploads\/2025\/04\/min.jpg 927w\" data-sizes=\"auto\" data-orig-sizes=\"(max-width: 1024px) 100vw, (max-width: 640px) 100vw, 400px\" \/><\/a><\/span><\/div><div style=\"text-align:center;\"><a class=\"fusion-button button-flat fusion-button-default-size button-custom fusion-button-default button-7 fusion-button-default-span fusion-button-default-type\" style=\"--button_accent_color:#111111;--button_border_color:#0096bc;--button_accent_hover_color:#fcfcfc;--button_border_hover_color:#f99a2c;--button_border_width-top:2px;--button_border_width-right:2px;--button_border_width-bottom:2px;--button_border_width-left:2px;--button-border-radius-top-left:0;--button-border-radius-top-right:0;--button-border-radius-bottom-right:0;--button-border-radius-bottom-left:0;--button_gradient_top_color:rgba(0,151,189,0);--button_gradient_bottom_color:rgba(0,151,189,0);--button_gradient_top_color_hover:#f99a2c;--button_gradient_bottom_color_hover:#f99a2c;--button_text_transform:uppercase;--button_font_size:14px;--button_line_height:1.5;--button_typography-letter-spacing:-0.015em;--button_typography-font-family:&quot;Plus Jakarta Sans&quot;;--button_typography-font-style:normal;--button_typography-font-weight:500;width:calc(100%);\" target=\"_self\" href=\"#https:\/\/muzeum.wieliczka.pl\/\"><span class=\"fusion-button-text\">Muzeum \u017bup Krakowskich<\/span><\/a><\/div><\/div><\/div><div class=\"fusion-layout-column fusion_builder_column fusion-builder-column-9 fusion_builder_column_1_3 1_3 fusion-flex-column\" style=\"--awb-bg-size:cover;--awb-width-large:33.333333333333%;--awb-margin-top-large:0px;--awb-spacing-right-large:0px;--awb-margin-bottom-large:0px;--awb-spacing-left-large:0px;--awb-width-medium:50%;--awb-order-medium:5;--awb-spacing-right-medium:0px;--awb-spacing-left-medium:0px;--awb-width-small:100%;--awb-order-small:0;--awb-spacing-right-small:0px;--awb-margin-bottom-small:60px;--awb-spacing-left-small:0px;\"><div class=\"fusion-column-wrapper fusion-column-has-shadow fusion-flex-justify-content-flex-start fusion-content-layout-column\"><div class=\"fusion-image-element \" style=\"--awb-aspect-ratio: 100 \/ 90;--awb-object-position:100% 50%;--awb-caption-title-font-family:var(--h2_typography-font-family);--awb-caption-title-font-weight:var(--h2_typography-font-weight);--awb-caption-title-font-style:var(--h2_typography-font-style);--awb-caption-title-size:var(--h2_typography-font-size);--awb-caption-title-transform:var(--h2_typography-text-transform);--awb-caption-title-line-height:var(--h2_typography-line-height);--awb-caption-title-letter-spacing:var(--h2_typography-letter-spacing);\"><span class=\" fusion-imageframe imageframe-none imageframe-9 hover-type-none has-aspect-ratio\"><a class=\"fusion-no-lightbox\" href=\"#\" target=\"_self\" aria-label=\"ChatGPT Image 29 kwi 2025, 20_45_59\"><img decoding=\"async\" width=\"1536\" height=\"1024\" src=\"https:\/\/klasztorwieliczka.pl\/wp-content\/uploads\/2025\/04\/ChatGPT-Image-29-kwi-2025-20_45_59.png\" data-orig-src=\"https:\/\/klasztorwieliczka.pl\/wp-content\/uploads\/2025\/04\/ChatGPT-Image-29-kwi-2025-20_45_59.png\" class=\"lazyload img-responsive wp-image-2041 img-with-aspect-ratio\" alt srcset=\"data:image\/svg+xml,%3Csvg%20xmlns%3D%27http%3A%2F%2Fwww.w3.org%2F2000%2Fsvg%27%20width%3D%271536%27%20height%3D%271024%27%20viewBox%3D%270%200%201536%201024%27%3E%3Crect%20width%3D%271536%27%20height%3D%271024%27%20fill-opacity%3D%220%22%2F%3E%3C%2Fsvg%3E\" data-srcset=\"https:\/\/klasztorwieliczka.pl\/wp-content\/uploads\/2025\/04\/ChatGPT-Image-29-kwi-2025-20_45_59-200x133.png 200w, https:\/\/klasztorwieliczka.pl\/wp-content\/uploads\/2025\/04\/ChatGPT-Image-29-kwi-2025-20_45_59-400x267.png 400w, https:\/\/klasztorwieliczka.pl\/wp-content\/uploads\/2025\/04\/ChatGPT-Image-29-kwi-2025-20_45_59-600x400.png 600w, https:\/\/klasztorwieliczka.pl\/wp-content\/uploads\/2025\/04\/ChatGPT-Image-29-kwi-2025-20_45_59-800x533.png 800w, https:\/\/klasztorwieliczka.pl\/wp-content\/uploads\/2025\/04\/ChatGPT-Image-29-kwi-2025-20_45_59-1200x800.png 1200w, https:\/\/klasztorwieliczka.pl\/wp-content\/uploads\/2025\/04\/ChatGPT-Image-29-kwi-2025-20_45_59.png 1536w\" data-sizes=\"auto\" data-orig-sizes=\"(max-width: 1024px) 100vw, (max-width: 640px) 100vw, 600px\" \/><\/a><\/span><\/div><div class=\"fusion-title title fusion-title-9 fusion-title-center fusion-title-text fusion-title-size-four\" style=\"--awb-text-color:#141617;--awb-font-size:24px;\"><div class=\"title-sep-container title-sep-container-left\"><div class=\"title-sep sep- sep-solid\" style=\"border-color:var(--awb-color3);\"><\/div><\/div><span class=\"awb-title-spacer\"><\/span><h4 class=\"fusion-title-heading title-heading-center fusion-responsive-typography-calculated\" style=\"font-family:&quot;Lora&quot;;font-style:normal;font-weight:400;margin:0;font-size:1em;letter-spacing:-0.015em;text-transform:capitalize;--fontSize:24;line-height:1.5;\">\u015awi\u0119to Namiot\u00f3w<\/h4><span class=\"awb-title-spacer\"><\/span><div class=\"title-sep-container title-sep-container-right\"><div class=\"title-sep sep- sep-solid\" style=\"border-color:var(--awb-color3);\"><\/div><\/div><\/div><div class=\"fusion-text fusion-text-10 fusion-text-no-margin\" style=\"--awb-content-alignment:center;--awb-font-size:17px;--awb-line-height:1.8;--awb-letter-spacing:-0.015em;--awb-text-transform:var(--awb-typography4-text-transform);--awb-text-color:#141617;--awb-margin-bottom:40px;--awb-text-font-family:&quot;Lora&quot;;--awb-text-font-style:normal;--awb-text-font-weight:400;\"><p>Uroczysty odpust Porcjum Kuli<\/p>\n<p><strong>2 sierpnia 2025 r.<\/strong><\/p>\n<\/div><div style=\"text-align:center;\"><a class=\"fusion-button button-flat fusion-button-default-size button-custom fusion-button-default button-8 fusion-button-default-span fusion-button-default-type\" style=\"--button_accent_color:#111111;--button_border_color:#0096bc;--button_accent_hover_color:#fcfcfc;--button_border_hover_color:#f99a2c;--button_border_width-top:2px;--button_border_width-right:2px;--button_border_width-bottom:2px;--button_border_width-left:2px;--button-border-radius-top-left:0;--button-border-radius-top-right:0;--button-border-radius-bottom-right:0;--button-border-radius-bottom-left:0;--button_gradient_top_color:rgba(0,151,189,0);--button_gradient_bottom_color:rgba(0,151,189,0);--button_gradient_top_color_hover:#f99a2c;--button_gradient_bottom_color_hover:#f99a2c;--button_text_transform:uppercase;--button_font_size:14px;--button_line_height:1.5;--button_typography-letter-spacing:-0.015em;--button_typography-font-family:&quot;Plus Jakarta Sans&quot;;--button_typography-font-style:normal;--button_typography-font-weight:500;width:calc(100%);\" target=\"_self\" href=\"#\"><span class=\"fusion-button-text\">Informacje wkr\u00f3tce<\/span><\/a><\/div><\/div><\/div><\/div><\/div><\/p>\n","protected":false},"excerpt":{"rendered":"","protected":false},"author":1,"featured_media":0,"parent":0,"menu_order":0,"comment_status":"closed","ping_status":"closed","template":"100-width.php","meta":{"footnotes":""},"class_list":["post-2197","page","type-page","status-publish","hentry"],"_links":{"self":[{"href":"https:\/\/klasztorwieliczka.pl\/index.php\/wp-json\/wp\/v2\/pages\/2197","targetHints":{"allow":["GET"]}}],"collection":[{"href":"https:\/\/klasztorwieliczka.pl\/index.php\/wp-json\/wp\/v2\/pages"}],"about":[{"href":"https:\/\/klasztorwieliczka.pl\/index.php\/wp-json\/wp\/v2\/types\/page"}],"author":[{"embeddable":true,"href":"https:\/\/klasztorwieliczka.pl\/index.php\/wp-json\/wp\/v2\/users\/1"}],"replies":[{"embeddable":true,"href":"https:\/\/klasztorwieliczka.pl\/index.php\/wp-json\/wp\/v2\/comments?post=2197"}],"version-history":[{"count":5,"href":"https:\/\/klasztorwieliczka.pl\/index.php\/wp-json\/wp\/v2\/pages\/2197\/revisions"}],"predecessor-version":[{"id":2211,"href":"https:\/\/klasztorwieliczka.pl\/index.php\/wp-json\/wp\/v2\/pages\/2197\/revisions\/2211"}],"wp:attachment":[{"href":"https:\/\/klasztorwieliczka.pl\/index.php\/wp-json\/wp\/v2\/media?parent=2197"}],"curies":[{"name":"wp","href":"https:\/\/api.w.org\/{rel}","templated":true}]}}